{"id":9,"date":"2026-04-20T07:19:11","date_gmt":"2026-04-20T07:19:11","guid":{"rendered":"http:\/\/neu.telconet.ch\/?page_id=9"},"modified":"2026-04-30T11:17:02","modified_gmt":"2026-04-30T09:17:02","slug":"telconet-ag-ihr-ict-partner-fuer-cloud-netzwerk-datacenter","status":"publish","type":"page","link":"https:\/\/telconet.ch\/","title":{"rendered":"Startseite"},"content":{"rendered":"\n<div class=\"wp-block-group alignfull has-background has-global-padding is-layout-constrained wp-container-core-group-is-layout-5bfee22d wp-block-group-is-layout-constrained\" style=\"background-color:#e8f2ff;padding-top:0;padding-bottom:0\">\n<div class=\"wp-block-columns alignwide is-layout-flex wp-container-core-columns-is-layout-dc7777de wp-block-columns-is-layout-flex\" style=\"padding-top:80px;padding-bottom:80px\">\n<div class=\"wp-block-column is-layout-flow wp-block-column-is-layout-flow\" style=\"padding-top:20px;flex-basis:50%\">\n<h1 class=\"wp-block-heading has-text-color\" style=\"color:#0d2a4e;font-size:clamp(1.837rem, 1.837rem + ((1vw - 0.2rem) * 2.138), 3.2rem);font-weight:800;line-height:1.15\">Ihre IT l\u00e4uft.<br>Sicher.<br>Ohne Stress.<\/h1>\n\n\n\n<div style=\"height:20px\" aria-hidden=\"true\" class=\"wp-block-spacer\"><\/div>\n\n\n\n<p class=\"has-text-color\" style=\"color:#4a6080;font-size:clamp(0.875rem, 0.875rem + ((1vw - 0.2rem) * 0.353), 1.1rem);line-height:1.7\">Telconet betreibt Cloud-, Netzwerk- und E-Mail-Infrastrukturen f\u00fcr KMU und Gemeinden in der Schweiz \u2013 sicher, skalierbar und zuverl\u00e4ssig.<\/p>\n\n\n\n<div style=\"height:30px\" aria-hidden=\"true\" class=\"wp-block-spacer\"><\/div>\n\n\n\n<div class=\"wp-block-buttons is-layout-flex wp-container-core-buttons-is-layout-53286a0f wp-block-buttons-is-layout-flex\">\n<div class=\"wp-block-button\"><a class=\"wp-block-button__link has-text-color has-background has-custom-font-size wp-element-button\" href=\"\/index.php\/kontakt\" style=\"border-radius:6px;color:#ffffff;background-color:#cc2222;padding-top:14px;padding-right:28px;padding-bottom:14px;padding-left:28px;font-size:clamp(0.875rem, 0.875rem + ((1vw - 0.2rem) * 0.196), 1rem);font-weight:600\">IT-Infrastruktur pr\u00fcfen lassen<\/a><\/div>\n<\/div>\n\n\n\n<div style=\"height:36px\" aria-hidden=\"true\" class=\"wp-block-spacer\"><\/div>\n\n\n\n<div class=\"wp-block-group has-global-padding is-layout-constrained wp-block-group-is-layout-constrained\">\n<p class=\"has-text-color\" style=\"color:#0d2a4e;font-size:clamp(0.875rem, 0.875rem + ((1vw - 0.2rem) * 0.196), 1rem);font-weight:600\"><span style=\"color:#cc2222;margin-right:8px\">\u2713<\/span> 24\/7 Monitoring<\/p>\n\n\n\n<p class=\"has-text-color\" style=\"color:#0d2a4e;font-size:clamp(0.875rem, 0.875rem + ((1vw - 0.2rem) * 0.196), 1rem);font-weight:600\"><span style=\"color:#cc2222;margin-right:8px\">\u2713<\/span> Schweizer Datacenter<\/p>\n\n\n\n<p class=\"has-text-color\" style=\"color:#0d2a4e;font-size:clamp(0.875rem, 0.875rem + ((1vw - 0.2rem) * 0.196), 1rem);font-weight:600\"><span style=\"color:#cc2222;margin-right:8px\">\u2713<\/span> Pers\u00f6nlicher Support<br><br><span style=\"color:#cc2222;margin-right:8px\">\u2713<\/span> \u00dcber 1000 betreute Systeme<\/p>\n<\/div>\n<\/div>\n\n\n\n<div class=\"wp-block-column is-layout-flow wp-block-column-is-layout-flow\" style=\"flex-basis:50%;display:flex;align-items:center;justify-content:center\">\n\n<figure class=\"wp-block-image aligncenter size-full has-custom-border\"><img loading=\"lazy\" decoding=\"async\" width=\"1672\" height=\"941\" src=\"https:\/\/telconet.ch\/wp-content\/uploads\/2026\/04\/Startseite_hero.png?wsr\" alt=\"\" class=\"wp-image-245\" style=\"border-radius:12px;width:100%;height:auto\" srcset=\"https:\/\/telconet.ch\/wp-content\/uploads\/2026\/04\/Startseite_hero.png 1672w, https:\/\/telconet.ch\/wp-content\/uploads\/2026\/04\/Startseite_hero-300x169.png 300w, https:\/\/telconet.ch\/wp-content\/uploads\/2026\/04\/Startseite_hero-1024x576.png 1024w, https:\/\/telconet.ch\/wp-content\/uploads\/2026\/04\/Startseite_hero-768x432.png 768w, https:\/\/telconet.ch\/wp-content\/uploads\/2026\/04\/Startseite_hero-1536x864.png 1536w\" sizes=\"auto, (max-width: 1672px) 100vw, 1672px\" \/><\/figure>\n\n<\/div>\n<\/div>\n<\/div>\n\n\n<p><!-- DIENSTLEISTUNGEN --><\/p>\n\n\n<div class=\"wp-block-group alignfull has-background has-global-padding is-layout-constrained wp-container-core-group-is-layout-b2e01e78 wp-block-group-is-layout-constrained\" style=\"background-color:#ffffff;padding-top:70px;padding-bottom:70px\">\n<h2 class=\"wp-block-heading has-text-align-center has-text-color\" style=\"color:#0d2a4e;font-size:clamp(1.352rem, 1.352rem + ((1vw - 0.2rem) * 1.33), 2.2rem);font-weight:800\">Unsere Dienstleistungen<\/h2>\n\n\n\n<p class=\"has-text-align-center has-text-color\" style=\"color:#4a6080;font-size:clamp(0.875rem, 0.875rem + ((1vw - 0.2rem) * 0.196), 1rem);\">Zuverl\u00e4ssige IT-Services aus der Schweiz \u2013 sicher, skalierbar und pers\u00f6nlich betreut.<\/p>\n\n\n\n<div style=\"height:40px\" aria-hidden=\"true\" class=\"wp-block-spacer\"><\/div>\n\n\n\n<div class=\"wp-block-columns alignwide is-layout-flex wp-container-core-columns-is-layout-7d354784 wp-block-columns-is-layout-flex\">\n<div class=\"wp-block-column is-layout-flow wp-block-column-is-layout-flow\" style=\"flex-basis:25%\">\n<div class=\"wp-block-group has-border-color has-background is-layout-flow wp-block-group-is-layout-flow\" style=\"border-color:#e2e8f0;border-width:1px;border-radius:8px;background-color:#f8fafc;padding-top:24px;padding-right:24px;padding-bottom:24px;padding-left:24px\">\n<svg xmlns=\"http:\/\/www.w3.org\/2000\/svg\" fill=\"none\" viewBox=\"0 0 24 24\" stroke-width=\"1.5\" stroke=\"#0d2a4e\" style=\"width:32px;height:32px;display:block;margin-bottom:14px\">\n  <path stroke-linecap=\"round\" stroke-linejoin=\"round\" d=\"M2.25 15a4.5 4.5 0 0 0 4.5 4.5H18a3.75 3.75 0 0 0 1.332-7.257 3 3 0 0 0-3.758-3.848 5.25 5.25 0 0 0-10.233 2.33A4.502 4.502 0 0 0 2.25 15Z\" \/>\n<\/svg>\n\n\n\n<h3 class=\"wp-block-heading has-text-color\" style=\"color:#0d2a4e;font-size:clamp(0.875rem, 0.875rem + ((1vw - 0.2rem) * 0.196), 1rem);font-weight:700\">Cloud L\u00f6sungen<\/h3>\n\n\n\n<p class=\"has-text-color\" style=\"color:#4a6080;font-size:0.85rem;line-height:1.5\">Skalierbare Cloud-Infrastruktur aus dem Schweizer Datacenter \u2013 ohne hohe Anfangsinvestitionen.<\/p>\n\n\n\n<div style=\"height:12px\" aria-hidden=\"true\" class=\"wp-block-spacer\"><\/div>\n\n\n\n<p><a href=\"\/index.php\/cloud\" style=\"color:#0d2a4e;font-weight:600;font-size:0.85rem\">Mehr erfahren \u2192<\/a><\/p>\n<\/div>\n<\/div>\n\n\n\n<div class=\"wp-block-column is-layout-flow wp-block-column-is-layout-flow\" style=\"flex-basis:25%\">\n<div class=\"wp-block-group has-border-color has-background is-layout-flow wp-block-group-is-layout-flow\" style=\"border-color:#e2e8f0;border-width:1px;border-radius:8px;background-color:#f8fafc;padding-top:24px;padding-right:24px;padding-bottom:24px;padding-left:24px\">\n<svg xmlns=\"http:\/\/www.w3.org\/2000\/svg\" fill=\"none\" viewBox=\"0 0 24 24\" stroke-width=\"1.5\" stroke=\"#0d2a4e\" style=\"width:32px;height:32px;display:block;margin-bottom:14px\">\n  <path stroke-linecap=\"round\" stroke-linejoin=\"round\" d=\"M8.288 15.038a5.25 5.25 0 0 1 7.424 0M5.106 11.856c3.807-3.808 9.98-3.808 13.788 0M1.924 8.674c5.565-5.565 14.587-5.565 20.152 0M12.53 18.22l-.53.53-.53-.53a.75.75 0 0 1 1.06 0Z\" \/>\n<\/svg>\n\n\n\n<h3 class=\"wp-block-heading has-text-color\" style=\"color:#0d2a4e;font-size:clamp(0.875rem, 0.875rem + ((1vw - 0.2rem) * 0.196), 1rem);font-weight:700\">Netzwerk &amp; WLAN<\/h3>\n\n\n\n<p class=\"has-text-color\" style=\"color:#4a6080;font-size:0.85rem;line-height:1.5\">Stabile und sichere Netzwerkl\u00f6sungen f\u00fcr Ihr B\u00fcro \u2013 von der Planung bis zum Betrieb.<\/p>\n\n\n\n<div style=\"height:12px\" aria-hidden=\"true\" class=\"wp-block-spacer\"><\/div>\n\n\n\n<p><a href=\"\/index.php\/netzwerk\" style=\"color:#0d2a4e;font-weight:600;font-size:0.85rem\">Mehr erfahren \u2192<\/a><\/p>\n<\/div>\n<\/div>\n\n\n\n<div class=\"wp-block-column is-layout-flow wp-block-column-is-layout-flow\" style=\"flex-basis:25%\">\n<div class=\"wp-block-group has-border-color has-background is-layout-flow wp-block-group-is-layout-flow\" style=\"border-color:#e2e8f0;border-width:1px;border-radius:8px;background-color:#f8fafc;padding-top:24px;padding-right:24px;padding-bottom:24px;padding-left:24px\">\n<svg xmlns=\"http:\/\/www.w3.org\/2000\/svg\" fill=\"none\" viewBox=\"0 0 24 24\" stroke-width=\"1.5\" stroke=\"#0d2a4e\" style=\"width:32px;height:32px;display:block;margin-bottom:14px\">\n  <path stroke-linecap=\"round\" stroke-linejoin=\"round\" d=\"M20.25 6.375c0 2.278-3.694 4.125-8.25 4.125S3.75 8.653 3.75 6.375m16.5 0c0-2.278-3.694-4.125-8.25-4.125S3.75 4.097 3.75 6.375m16.5 0v11.25c0 2.278-3.694 4.125-8.25 4.125s-8.25-1.847-8.25-4.125V6.375m16.5 0v3.75m-16.5-3.75v3.75m16.5 0v3.75C20.25 16.153 16.556 18 12 18s-8.25-1.847-8.25-4.125v-3.75m16.5 0c0 2.278-3.694 4.125-8.25 4.125s-8.25-1.847-8.25-4.125\" \/>\n<\/svg>\n\n\n\n<h3 class=\"wp-block-heading has-text-color\" style=\"color:#0d2a4e;font-size:clamp(0.875rem, 0.875rem + ((1vw - 0.2rem) * 0.196), 1rem);font-weight:700\">Datacenter<\/h3>\n\n\n\n<p class=\"has-text-color\" style=\"color:#4a6080;font-size:0.85rem;line-height:1.5\">Colocation und Hosting in unserem eigenen Datacenter im Kanton Z\u00fcrich 24\/7 \u00fcberwacht.<\/p>\n\n\n\n<div style=\"height:12px\" aria-hidden=\"true\" class=\"wp-block-spacer\"><\/div>\n\n\n\n<p><a href=\"\/index.php\/datacenter\" style=\"color:#0d2a4e;font-weight:600;font-size:0.85rem\">Mehr erfahren \u2192<\/a><\/p>\n<\/div>\n<\/div>\n\n\n\n<div class=\"wp-block-column is-layout-flow wp-block-column-is-layout-flow\" style=\"flex-basis:25%\">\n<div class=\"wp-block-group has-border-color has-background is-layout-flow wp-block-group-is-layout-flow\" style=\"border-color:#e2e8f0;border-width:1px;border-radius:8px;background-color:#f8fafc;padding-top:24px;padding-right:24px;padding-bottom:24px;padding-left:24px\">\n<svg xmlns=\"http:\/\/www.w3.org\/2000\/svg\" fill=\"none\" viewBox=\"0 0 24 24\" stroke-width=\"1.5\" stroke=\"#0d2a4e\" style=\"width:32px;height:32px;display:block;margin-bottom:14px\">\n  <path stroke-linecap=\"round\" stroke-linejoin=\"round\" d=\"M2.25 6.75c0 8.284 6.716 15 15 15h2.25a2.25 2.25 0 0 0 2.25-2.25v-1.372c0-.516-.351-.966-.852-1.091l-4.423-1.106c-.44-.11-.902.055-1.173.417l-.97 1.293c-.282.376-.769.542-1.21.38a12.035 12.035 0 0 1-7.143-7.143c-.162-.441.004-.928.38-1.21l1.293-.97c.363-.271.527-.734.417-1.173L6.963 3.102a1.125 1.125 0 0 0-1.091-.852H4.5A2.25 2.25 0 0 0 2.25 4.5v2.25Z\" \/>\n<\/svg>\n\n\n\n<h3 class=\"wp-block-heading has-text-color\" style=\"color:#0d2a4e;font-size:clamp(0.875rem, 0.875rem + ((1vw - 0.2rem) * 0.196), 1rem);font-weight:700\">Telefonie<\/h3>\n\n\n\n<p class=\"has-text-color\" style=\"color:#4a6080;font-size:0.85rem;line-height:1.5\">Moderne VoIP-Telefonanlagen f\u00fcr KMU \u2013 flexibel, kosteneffizient und einfach zu bedienen.<\/p>\n\n\n\n<div style=\"height:12px\" aria-hidden=\"true\" class=\"wp-block-spacer\"><\/div>\n\n\n\n<p><a href=\"\/index.php\/telefonie\" style=\"color:#0d2a4e;font-weight:600;font-size:0.85rem\">Mehr erfahren \u2192<\/a><\/p>\n<\/div>\n<\/div>\n<\/div>\n\n\n\n<div style=\"height:16px\" aria-hidden=\"true\" class=\"wp-block-spacer\"><\/div>\n\n\n\n<div class=\"wp-block-columns alignwide is-layout-flex wp-container-core-columns-is-layout-7d354784 wp-block-columns-is-layout-flex\">\n<div class=\"wp-block-column is-layout-flow wp-block-column-is-layout-flow\" style=\"flex-basis:25%\">\n<div class=\"wp-block-group has-border-color has-background is-layout-flow wp-block-group-is-layout-flow\" style=\"border-color:#e2e8f0;border-width:1px;border-radius:8px;background-color:#f8fafc;padding-top:24px;padding-right:24px;padding-bottom:24px;padding-left:24px\">\n<svg xmlns=\"http:\/\/www.w3.org\/2000\/svg\" fill=\"none\" viewBox=\"0 0 24 24\" stroke-width=\"1.5\" stroke=\"#0d2a4e\" style=\"width:32px;height:32px;display:block;margin-bottom:14px\">\n  <path stroke-linecap=\"round\" stroke-linejoin=\"round\" d=\"M21.75 6.75v10.5a2.25 2.25 0 0 1-2.25 2.25h-15a2.25 2.25 0 0 1-2.25-2.25V6.75m19.5 0A2.25 2.25 0 0 0 19.5 4.5h-15a2.25 2.25 0 0 0-2.25 2.25m19.5 0v.243a2.25 2.25 0 0 1-1.07 1.916l-7.5 4.615a2.25 2.25 0 0 1-2.36 0L3.32 8.91a2.25 2.25 0 0 1-1.07-1.916V6.75\" \/>\n<\/svg>\n\n\n\n<h3 class=\"wp-block-heading has-text-color\" style=\"color:#0d2a4e;font-size:clamp(0.875rem, 0.875rem + ((1vw - 0.2rem) * 0.196), 1rem);font-weight:700\">Mail Security<\/h3>\n\n\n\n<p class=\"has-text-color\" style=\"color:#4a6080;font-size:0.85rem;line-height:1.5\">Professioneller Spam- und Malware-Schutz auf eigener Infrastruktur in der Schweiz.<br>\u3164<br><\/p>\n\n\n\n<div style=\"height:12px\" aria-hidden=\"true\" class=\"wp-block-spacer\"><\/div>\n\n\n\n<p><a href=\"\/index.php\/angebot#mail-security\" style=\"color:#0d2a4e;font-weight:600;font-size:0.85rem\">Mehr erfahren \u2192<\/a><\/p>\n<\/div>\n<\/div>\n\n\n\n<div class=\"wp-block-column is-layout-flow wp-block-column-is-layout-flow\" style=\"flex-basis:25%\">\n<div class=\"wp-block-group has-border-color has-background is-layout-flow wp-block-group-is-layout-flow\" style=\"border-color:#e2e8f0;border-width:1px;border-radius:8px;background-color:#f8fafc;padding-top:24px;padding-right:24px;padding-bottom:24px;padding-left:24px\">\n<svg xmlns=\"http:\/\/www.w3.org\/2000\/svg\" fill=\"none\" viewBox=\"0 0 24 24\" stroke-width=\"1.5\" stroke=\"#0d2a4e\" style=\"width:32px;height:32px;display:block;margin-bottom:14px\">\n  <path stroke-linecap=\"round\" stroke-linejoin=\"round\" d=\"M12 16.5V9.75m0 0 3 3m-3-3-3 3M6.75 19.5a4.5 4.5 0 0 1-1.41-8.775 5.25 5.25 0 0 1 10.233-2.33 3 3 0 0 1 3.758 3.848A3.752 3.752 0 0 1 18 19.5H6.75Z\" \/>\n<\/svg>\n\n\n\n<h3 class=\"wp-block-heading has-text-color\" style=\"color:#0d2a4e;font-size:clamp(0.875rem, 0.875rem + ((1vw - 0.2rem) * 0.196), 1rem);font-weight:700\">Backup &amp; Datensicherung<\/h3>\n\n\n\n<p class=\"has-text-color\" style=\"color:#4a6080;font-size:0.85rem;line-height:1.5\">Automatische Datensicherung und Backup-L\u00f6sungen \u2013 damit Ihre Daten bei jedem Ausfall gesch\u00fctzt sind.<\/p>\n\n\n\n<div style=\"height:12px\" aria-hidden=\"true\" class=\"wp-block-spacer\"><\/div>\n\n\n\n<p><a href=\"\/index.php\/kontakt\" style=\"color:#0d2a4e;font-weight:600;font-size:0.85rem\">Mehr erfahren \u2192<\/a><\/p>\n<\/div>\n<\/div>\n\n\n\n<div class=\"wp-block-column is-layout-flow wp-block-column-is-layout-flow\" style=\"flex-basis:25%\">\n<div class=\"wp-block-group has-border-color has-background is-layout-flow wp-block-group-is-layout-flow\" style=\"border-color:#e2e8f0;border-width:1px;border-radius:8px;background-color:#f8fafc;padding-top:24px;padding-right:24px;padding-bottom:24px;padding-left:24px\">\n<svg xmlns=\"http:\/\/www.w3.org\/2000\/svg\" fill=\"none\" viewBox=\"0 0 24 24\" stroke-width=\"1.5\" stroke=\"#0d2a4e\" style=\"width:32px;height:32px;display:block;margin-bottom:14px\">\n  <path stroke-linecap=\"round\" stroke-linejoin=\"round\" d=\"M21.75 17.25v-.228a4.5 4.5 0 0 0-.12-1.03l-2.268-9.64a3.375 3.375 0 0 0-3.285-2.602H7.923a3.375 3.375 0 0 0-3.285 2.602l-2.268 9.64a4.5 4.5 0 0 0-.12 1.03v.228m19.5 0a3 3 0 0 1-3 3H5.25a3 3 0 0 1-3-3m19.5 0a3 3 0 0 0-3-3H5.25a3 3 0 0 0-3 3m16.5 0h.008v.008h-.008v-.008Zm-3 0h.008v.008h-.008v-.008Z\" \/>\n<\/svg>\n\n\n\n<h3 class=\"wp-block-heading has-text-color\" style=\"color:#0d2a4e;font-size:clamp(0.875rem, 0.875rem + ((1vw - 0.2rem) * 0.196), 1rem);font-weight:700\">Server &amp; Infrastruktur<\/h3>\n\n\n\n<p class=\"has-text-color\" style=\"color:#4a6080;font-size:0.85rem;line-height:1.5\">Betrieb, Wartung und Optimierung Ihrer Server \u2013 zuverl\u00e4ssig und skalierbar.<br>\u3164<br><\/p>\n\n\n\n<div style=\"height:12px\" aria-hidden=\"true\" class=\"wp-block-spacer\"><\/div>\n\n\n\n<p><a href=\"\/index.php\/angebot#managed-server\" style=\"color:#0d2a4e;font-weight:600;font-size:0.85rem\">Mehr erfahren \u2192<\/a><\/p>\n<\/div>\n<\/div>\n\n\n\n<div class=\"wp-block-column is-layout-flow wp-block-column-is-layout-flow\" style=\"flex-basis:25%\">\n<div class=\"wp-block-group has-border-color has-background is-layout-flow wp-block-group-is-layout-flow\" style=\"border-color:#e2e8f0;border-width:1px;border-radius:8px;background-color:#f8fafc;padding-top:24px;padding-right:24px;padding-bottom:24px;padding-left:24px\">\n<svg xmlns=\"http:\/\/www.w3.org\/2000\/svg\" fill=\"none\" viewBox=\"0 0 24 24\" stroke-width=\"1.5\" stroke=\"#0d2a4e\" style=\"width:32px;height:32px;display:block;margin-bottom:14px\">\n  <path stroke-linecap=\"round\" stroke-linejoin=\"round\" d=\"M9 12.75 11.25 15 15 9.75m-3-7.036A11.959 11.959 0 0 1 3.598 6 11.99 11.99 0 0 0 3 9.749c0 5.592 3.824 10.29 9 11.623 5.176-1.332 9-6.03 9-11.622 0-1.31-.21-2.571-.598-3.751h-.152c-3.196 0-6.1-1.248-8.25-3.285Z\" \/>\n<\/svg>\n\n\n\n<h3 class=\"wp-block-heading has-text-color\" style=\"color:#0d2a4e;font-size:clamp(0.875rem, 0.875rem + ((1vw - 0.2rem) * 0.196), 1rem);font-weight:700\">Security &amp; Monitoring<\/h3>\n\n\n\n<p class=\"has-text-color\" style=\"color:#4a6080;font-size:0.85rem;line-height:1.5\">Proaktives Monitoring und Sicherheitsl\u00f6sungen \u2013 wir erkennen Probleme bevor sie auftreten.<\/p>\n\n\n\n<div style=\"height:12px\" aria-hidden=\"true\" class=\"wp-block-spacer\"><\/div>\n\n\n\n<p><a href=\"\/index.php\/ueber-uns\" style=\"color:#0d2a4e;font-weight:600;font-size:0.85rem\">Mehr erfahren \u2192<\/a><\/p>\n<\/div>\n<\/div>\n<\/div>\n\n\n\n<div style=\"height:24px\" aria-hidden=\"true\" class=\"wp-block-spacer\"><\/div>\n\n\n\n<div class=\"wp-block-group alignwide has-border-color has-background is-layout-flow wp-block-group-is-layout-flow\" style=\"border-color:#22c55e;border-width:1px;border-radius:12px;background-color:#f0faf0;padding-top:0;padding-right:0;padding-bottom:0;padding-left:0\">\n<div class=\"wp-block-columns is-layout-flex wp-container-core-columns-is-layout-68ae7a61 wp-block-columns-is-layout-flex\">\n<div class=\"wp-block-column is-layout-flow wp-block-column-is-layout-flow\" style=\"padding-top:36px;padding-right:32px;padding-bottom:36px;padding-left:36px;flex-basis:55%\">\n<p class=\"has-text-color\" style=\"color:#16a34a;font-size:0.8rem;font-weight:700;letter-spacing:2px\">UNSER PRODUKT<\/p>\n\n\n\n<h3 class=\"wp-block-heading has-text-color\" style=\"color:#0d2a4e;font-size:clamp(1.039rem, 1.039rem + ((1vw - 0.2rem) * 0.88), 1.6rem);font-weight:800\">ChargeControl<\/h3>\n\n\n\n<p class=\"has-text-color\" style=\"color:#4a6080;font-size:clamp(0.875rem, 0.875rem + ((1vw - 0.2rem) * 0.039), 0.9rem);line-height:1.6\">Intelligente Ladeinfrastruktur f\u00fcr Tiefgaragen \u2013 mit Lastmanagement und direkter Abrechnung. Entwickelt von Telconet.<\/p>\n\n\n\n<div style=\"height:16px\" aria-hidden=\"true\" class=\"wp-block-spacer\"><\/div>\n\n\n\n<div class=\"wp-block-columns is-layout-flex wp-container-core-columns-is-layout-188a23c6 wp-block-columns-is-layout-flex\">\n<div class=\"wp-block-column is-layout-flow wp-block-column-is-layout-flow\">\n<p style=\"color:#16a34a;font-size:0.85rem;font-weight:700;margin:0 0 6px 0;display:flex;align-items:center;gap:6px\">\n<svg xmlns=\"http:\/\/www.w3.org\/2000\/svg\" fill=\"none\" viewBox=\"0 0 24 24\" stroke-width=\"1.5\" stroke=\"#16a34a\" style=\"width:16px;height:16px;display:inline-block\">\n  <path stroke-linecap=\"round\" stroke-linejoin=\"round\" d=\"m3.75 13.5 10.5-11.25L12 10.5h8.25L9.75 21.75 12 13.5H3.75Z\" \/>\n<\/svg>\nLastmanagement<\/p>\n<p style=\"color:#16a34a;font-size:0.85rem;font-weight:700;margin:0 0 2px 0;display:flex;align-items:center;gap:6px\">\n<svg xmlns=\"http:\/\/www.w3.org\/2000\/svg\" fill=\"none\" viewBox=\"0 0 24 24\" stroke-width=\"1.5\" stroke=\"#16a34a\" style=\"width:16px;height:16px;display:inline-block\">\n  <path stroke-linecap=\"round\" stroke-linejoin=\"round\" d=\"M9 12.75 11.25 15 15 9.75m-3-7.036A11.959 11.959 0 0 1 3.598 6 11.99 11.99 0 0 0 3 9.749c0 5.592 3.824 10.29 9 11.623 5.176-1.332 9-6.03 9-11.622 0-1.31-.21-2.571-.598-3.751h-.152c-3.196 0-6.1-1.248-8.25-3.285Z\" \/>\n<\/svg>\nSichere L\u00f6sung<\/p>\n\n\n\n<p class=\"has-text-color\" style=\"color:#4a6080;font-size:0.78rem;line-height:1.4\">Zuverl\u00e4ssig, skalierbar und entwickelt in der Schweiz.<\/p>\n<\/div>\n\n\n\n<div class=\"wp-block-column is-layout-flow wp-block-column-is-layout-flow\">\n<p style=\"color:#16a34a;font-size:0.85rem;font-weight:700;margin:0 0 6px 0;display:flex;align-items:center;gap:6px\">\n<svg xmlns=\"http:\/\/www.w3.org\/2000\/svg\" fill=\"none\" viewBox=\"0 0 24 24\" stroke-width=\"1.5\" stroke=\"#16a34a\" style=\"width:16px;height:16px;display:inline-block\">\n  <path stroke-linecap=\"round\" stroke-linejoin=\"round\" d=\"M9 14.25l6 6m0 0 6-6m-6 6V3.75M3.75 9l6-6m0 0 6 6m-6-6v16.5\" \/>\n<\/svg>\nEinfache Abrechnung<\/p>\n<p style=\"color:#16a34a;font-size:0.85rem;font-weight:700;margin:0 0 2px 0;display:flex;align-items:center;gap:6px\">\n<svg xmlns=\"http:\/\/www.w3.org\/2000\/svg\" fill=\"none\" viewBox=\"0 0 24 24\" stroke-width=\"1.5\" stroke=\"#16a34a\" style=\"width:16px;height:16px;display:inline-block\">\n  <path stroke-linecap=\"round\" stroke-linejoin=\"round\" d=\"M13.5 16.875h3.375m0 0h3.375m-3.375 0V13.5m0 3.375v3.375M6 10.5h2.25a2.25 2.25 0 0 0 2.25-2.25V6a2.25 2.25 0 0 0-2.25-2.25H6A2.25 2.25 0 0 0 3.75 6v2.25A2.25 2.25 0 0 0 6 10.5Zm0 9.75h2.25A2.25 2.25 0 0 0 10.5 18v-2.25a2.25 2.25 0 0 0-2.25-2.25H6a2.25 2.25 0 0 0-2.25 2.25V18A2.25 2.25 0 0 0 6 20.25Zm9.75-9.75H18a2.25 2.25 0 0 0 2.25-2.25V6A2.25 2.25 0 0 0 18 3.75h-2.25A2.25 2.25 0 0 0 13.5 6v2.25a2.25 2.25 0 0 0 2.25 2.25Z\" \/>\n<\/svg>\nVollst\u00e4ndig integriert<\/p>\n\n\n\n<p class=\"has-text-color\" style=\"color:#4a6080;font-size:0.78rem;line-height:1.4\">Hardware, Software und Service aus einer Hand.<\/p>\n<\/div>\n<\/div>\n\n\n\n<div style=\"height:20px\" aria-hidden=\"true\" class=\"wp-block-spacer\"><\/div>\n\n\n\n<div class=\"wp-block-buttons is-layout-flex wp-block-buttons-is-layout-flex\">\n<div class=\"wp-block-button\"><a class=\"wp-block-button__link has-text-color has-background has-custom-font-size wp-element-button\" href=\"\/index.php\/chargecontrol\" style=\"border-radius:6px;color:#ffffff;background-color:#16a34a;padding-top:11px;padding-right:24px;padding-bottom:11px;padding-left:24px;font-size:clamp(0.875rem, 0.875rem + ((1vw - 0.2rem) * 0.039), 0.9rem);font-weight:700\">Mehr \u00fcber ChargeControl \u2192<\/a><\/div>\n<\/div>\n<\/div>\n\n\n\n<div class=\"wp-block-column is-layout-flow wp-block-column-is-layout-flow\" style=\"padding-top:0;padding-right:0;padding-bottom:0;padding-left:0;flex-basis:45%\">\n<figure class=\"wp-block-image alignright size-full is-resized\"><a href=\"https:\/\/telconet.ch\/index.php\/chargecontrol\/\"><img loading=\"lazy\" decoding=\"async\" width=\"941\" height=\"1672\" src=\"https:\/\/telconet.ch\/wp-content\/uploads\/2026\/04\/ef3a46fa-8905-4f95-a8ce-232c28e3dad6-1.png?wsr\" alt=\"\" class=\"wp-image-225\" style=\"aspect-ratio:0.5627962534602404;width:260px;height:auto\" srcset=\"https:\/\/telconet.ch\/wp-content\/uploads\/2026\/04\/ef3a46fa-8905-4f95-a8ce-232c28e3dad6-1.png 941w, https:\/\/telconet.ch\/wp-content\/uploads\/2026\/04\/ef3a46fa-8905-4f95-a8ce-232c28e3dad6-1-169x300.png 169w, https:\/\/telconet.ch\/wp-content\/uploads\/2026\/04\/ef3a46fa-8905-4f95-a8ce-232c28e3dad6-1-576x1024.png 576w, https:\/\/telconet.ch\/wp-content\/uploads\/2026\/04\/ef3a46fa-8905-4f95-a8ce-232c28e3dad6-1-768x1365.png 768w, https:\/\/telconet.ch\/wp-content\/uploads\/2026\/04\/ef3a46fa-8905-4f95-a8ce-232c28e3dad6-1-864x1536.png 864w\" sizes=\"auto, (max-width: 941px) 100vw, 941px\" \/><\/a><\/figure>\n<\/div>\n<\/div>\n<\/div>\n<\/div>\n\n\n<p><!-- WARUM TELCONET --><\/p>\n\n\n<div class=\"wp-block-group alignfull has-background has-global-padding is-layout-constrained wp-container-core-group-is-layout-b2e01e78 wp-block-group-is-layout-constrained\" style=\"background-color:#0d2a4e;padding-top:70px;padding-bottom:70px\">\n<h2 class=\"wp-block-heading has-text-align-center has-text-color\" style=\"color:#ffffff;font-size:clamp(1.352rem, 1.352rem + ((1vw - 0.2rem) * 1.33), 2.2rem);font-weight:800\">Warum Telconet?<\/h2>\n\n\n\n<div style=\"height:30px\" aria-hidden=\"true\" class=\"wp-block-spacer\"><\/div>\n\n\n\n<div class=\"wp-block-columns alignwide is-layout-flex wp-container-core-columns-is-layout-ea2d2580 wp-block-columns-is-layout-flex\">\n<div class=\"wp-block-column is-layout-flow wp-block-column-is-layout-flow\">\n<div class=\"wp-block-group has-background is-layout-flow wp-block-group-is-layout-flow\" style=\"border-radius:8px;border-left-color:#cc2222;border-left-width:4px;background-color:rgba(255,255,255,0.08);padding-top:24px;padding-right:24px;padding-bottom:24px;padding-left:24px\">\n<svg xmlns=\"http:\/\/www.w3.org\/2000\/svg\" fill=\"none\" viewBox=\"0 0 24 24\" stroke-width=\"1.5\" stroke=\"#cc2222\" style=\"width:24px;height:24px;display:block;margin-bottom:10px\">\n  <path stroke-linecap=\"round\" stroke-linejoin=\"round\" d=\"M6.75 3v2.25M17.25 3v2.25M3 18.75V7.5a2.25 2.25 0 0 1 2.25-2.25h13.5A2.25 2.25 0 0 1 21 7.5v11.25m-18 0A2.25 2.25 0 0 0 5.25 21h13.5A2.25 2.25 0 0 0 21 18.75m-18 0v-7.5A2.25 2.25 0 0 1 5.25 9h13.5A2.25 2.25 0 0 1 21 11.25v7.5\" \/>\n<\/svg>\n\n\n\n<p class=\"has-text-color\" style=\"color:#ffffff;font-size:clamp(0.875rem, 0.875rem + ((1vw - 0.2rem) * 0.196), 1rem);font-weight:700\">Seit 2003 f\u00fcr KMU &amp; Gemeinden<\/p>\n\n\n\n<p class=\"has-text-color\" style=\"color:#c8d8e8;font-size:clamp(0.875rem, 0.875rem + ((1vw - 0.2rem) * 0.008), 0.88rem);line-height:1.6\">Seit 2003 betreiben wir IT-Infrastruktur f\u00fcr KMU und Gemeinden in der Schweiz.<\/p>\n<\/div>\n<\/div>\n\n\n\n<div class=\"wp-block-column is-layout-flow wp-block-column-is-layout-flow\">\n<div class=\"wp-block-group has-background is-layout-flow wp-block-group-is-layout-flow\" style=\"border-radius:8px;border-left-color:#cc2222;border-left-width:4px;background-color:rgba(255,255,255,0.08);padding-top:24px;padding-right:24px;padding-bottom:24px;padding-left:24px\">\n<svg xmlns=\"http:\/\/www.w3.org\/2000\/svg\" fill=\"none\" viewBox=\"0 0 24 24\" stroke-width=\"1.5\" stroke=\"#cc2222\" style=\"width:24px;height:24px;display:block;margin-bottom:10px\">\n  <path stroke-linecap=\"round\" stroke-linejoin=\"round\" d=\"M20.25 6.375c0 2.278-3.694 4.125-8.25 4.125S3.75 8.653 3.75 6.375m16.5 0c0-2.278-3.694-4.125-8.25-4.125S3.75 4.097 3.75 6.375m16.5 0v11.25c0 2.278-3.694 4.125-8.25 4.125s-8.25-1.847-8.25-4.125V6.375m16.5 0v3.75m-16.5-3.75v3.75m16.5 0v3.75C20.25 16.153 16.556 18 12 18s-8.25-1.847-8.25-4.125v-3.75m16.5 0c0 2.278-3.694 4.125-8.25 4.125s-8.25-1.847-8.25-4.125\" \/>\n<\/svg>\n\n\n\n<p class=\"has-text-color\" style=\"color:#ffffff;font-size:clamp(0.875rem, 0.875rem + ((1vw - 0.2rem) * 0.196), 1rem);font-weight:700\">Daten bleiben in der Schweiz<\/p>\n\n\n\n<p class=\"has-text-color\" style=\"color:#c8d8e8;font-size:clamp(0.875rem, 0.875rem + ((1vw - 0.2rem) * 0.008), 0.88rem);line-height:1.6\">Eigenes Datacenter im Kanton Z\u00fcrich \u2013 Ihre Daten verlassen die Schweiz nicht.<\/p>\n<\/div>\n<\/div>\n\n\n\n<div class=\"wp-block-column is-layout-flow wp-block-column-is-layout-flow\">\n<div class=\"wp-block-group has-background is-layout-flow wp-block-group-is-layout-flow\" style=\"border-radius:8px;border-left-color:#cc2222;border-left-width:4px;background-color:rgba(255,255,255,0.08);padding-top:24px;padding-right:24px;padding-bottom:24px;padding-left:24px\">\n<svg xmlns=\"http:\/\/www.w3.org\/2000\/svg\" fill=\"none\" viewBox=\"0 0 24 24\" stroke-width=\"1.5\" stroke=\"#cc2222\" style=\"width:24px;height:24px;display:block;margin-bottom:10px\">\n  <path stroke-linecap=\"round\" stroke-linejoin=\"round\" d=\"M15.75 6a3.75 3.75 0 1 1-7.5 0 3.75 3.75 0 0 1 7.5 0ZM4.501 20.118a7.5 7.5 0 0 1 14.998 0A17.933 17.933 0 0 1 12 21.75c-2.676 0-5.216-.584-7.499-1.632Z\" \/>\n<\/svg>\n\n\n\n<p class=\"has-text-color\" style=\"color:#ffffff;font-size:clamp(0.875rem, 0.875rem + ((1vw - 0.2rem) * 0.196), 1rem);font-weight:700\">Direkte Ansprechpartner<\/p>\n\n\n\n<p class=\"has-text-color\" style=\"color:#c8d8e8;font-size:clamp(0.875rem, 0.875rem + ((1vw - 0.2rem) * 0.008), 0.88rem);line-height:1.6\">Kein Callcenter, kein Ticketsystem ohne Gesicht \u2013 Sie erreichen immer Ihren pers\u00f6nlichen Ansprechpartner.<\/p>\n<\/div>\n<\/div>\n\n\n\n<div class=\"wp-block-column is-layout-flow wp-block-column-is-layout-flow\">\n<div class=\"wp-block-group has-background is-layout-flow wp-block-group-is-layout-flow\" style=\"border-radius:8px;border-left-color:#cc2222;border-left-width:4px;background-color:rgba(255,255,255,0.08);padding-top:24px;padding-right:24px;padding-bottom:24px;padding-left:24px\">\n<svg xmlns=\"http:\/\/www.w3.org\/2000\/svg\" fill=\"none\" viewBox=\"0 0 24 24\" stroke-width=\"1.5\" stroke=\"#cc2222\" style=\"width:24px;height:24px;display:block;margin-bottom:10px\">\n  <path stroke-linecap=\"round\" stroke-linejoin=\"round\" d=\"m3.75 13.5 10.5-11.25L12 10.5h8.25L9.75 21.75 12 13.5H3.75Z\" \/>\n<\/svg>\n\n\n\n<p class=\"has-text-color\" style=\"color:#ffffff;font-size:clamp(0.875rem, 0.875rem + ((1vw - 0.2rem) * 0.196), 1rem);font-weight:700\">Reaktionszeit unter 2 Stunden<\/p>\n\n\n\n<p class=\"has-text-color\" style=\"color:#c8d8e8;font-size:clamp(0.875rem, 0.875rem + ((1vw - 0.2rem) * 0.008), 0.88rem);line-height:1.6\">Wir l\u00f6sen Probleme, bevor sie zum Ausfall werden \u2013 garantiert schnelle Reaktionszeiten.<\/p>\n<\/div>\n<\/div>\n<\/div>\n<\/div>\n\n\n<p><!-- CTA --><\/p>\n\n\n<div class=\"wp-block-group alignfull has-background has-global-padding is-layout-constrained wp-container-core-group-is-layout-d8b10bcb wp-block-group-is-layout-constrained\" style=\"background-color:#e8f2ff;padding-top:60px;padding-bottom:60px\">\n<h2 class=\"wp-block-heading has-text-align-center has-text-color\" style=\"color:#0d2a4e;font-size:clamp(1.25rem, 1.25rem + ((1vw - 0.2rem) * 1.176), 2rem);font-weight:800;line-height:1.3\">Brauchen Sie Unterst\u00fctzung<br>bei Ihrer IT?<\/h2>\n\n\n\n<div style=\"height:16px\" aria-hidden=\"true\" class=\"wp-block-spacer\"><\/div>\n\n\n\n<p class=\"has-text-align-center has-text-color\" style=\"color:#4a6080;font-size:clamp(0.875rem, 0.875rem + ((1vw - 0.2rem) * 0.196), 1rem);\">Kontaktieren Sie uns \u2013 wir melden uns schnellstm\u00f6glich.<\/p>\n\n\n\n<div style=\"height:20px\" aria-hidden=\"true\" class=\"wp-block-spacer\"><\/div>\n\n\n\n<div class=\"wp-block-buttons is-content-justification-center is-layout-flex wp-container-core-buttons-is-layout-a89b3969 wp-block-buttons-is-layout-flex\">\n<div class=\"wp-block-button\"><a class=\"wp-block-button__link has-text-color has-background wp-element-button\" href=\"\/index.php\/kontakt\" style=\"border-radius:6px;color:#ffffff;background-color:#cc2222;padding-top:14px;padding-right:36px;padding-bottom:14px;padding-left:36px;font-weight:600\">Kontaktieren Sie uns<\/a><\/div>\n<\/div>\n\n\n\n<div style=\"height:30px\" aria-hidden=\"true\" class=\"wp-block-spacer\"><\/div>\n<\/div>\n","protected":false},"excerpt":{"rendered":"<p>Ihre IT l\u00e4uft.Sicher.Ohne Stress. Telconet betreibt Cloud-, Netzwerk- und E-Mail-Infrastrukturen f\u00fcr KMU und Gemeinden in der Schweiz \u2013 sicher, skalierbar und zuverl\u00e4ssig. \u2713 24\/7 Monitoring \u2713 Schweizer Datacenter \u2713 Pers\u00f6nlicher Support \u2713 \u00dcber 1000 betreute Systeme Unsere Dienstleistungen Zuverl\u00e4ssige IT-Services aus der Schweiz \u2013 sicher, skalierbar und pers\u00f6nlich betreut. Cloud L\u00f6sungen Skalierbare Cloud-Infrastruktur aus dem [&hellip;]<\/p>\n","protected":false},"author":1,"featured_media":0,"parent":0,"menu_order":0,"comment_status":"closed","ping_status":"closed","template":"","meta":{"footnotes":""},"class_list":["post-9","page","type-page","status-publish","hentry"],"yoast_head":"<!-- This site is optimized with the Yoast SEO plugin v27.5 - https:\/\/yoast.com\/product\/yoast-seo-wordpress\/ -->\n<title>Startseite - Telconet<\/title>\n<meta name=\"description\" content=\"Die Telconet AG ist ein modernes ICT-Unternehmen, das die Anliegen und Bed\u00fcrfnisse der hiesigen Unternehmen kennt und massgeschneiderte L\u00f6sungen anbietet.\" \/>\n<meta name=\"robots\" content=\"index, follow, max-snippet:-1, max-image-preview:large, max-video-preview:-1\" \/>\n<link rel=\"canonical\" href=\"https:\/\/telconet.ch\/\" \/>\n<meta property=\"og:locale\" content=\"de_DE\" \/>\n<meta property=\"og:type\" content=\"article\" \/>\n<meta property=\"og:title\" content=\"Startseite - Telconet\" \/>\n<meta property=\"og:description\" content=\"Die Telconet AG ist ein modernes ICT-Unternehmen, das die Anliegen und Bed\u00fcrfnisse der hiesigen Unternehmen kennt und massgeschneiderte L\u00f6sungen anbietet.\" \/>\n<meta property=\"og:url\" content=\"https:\/\/telconet.ch\/\" \/>\n<meta property=\"og:site_name\" content=\"Telconet\" \/>\n<meta property=\"article:modified_time\" content=\"2026-04-30T09:17:02+00:00\" \/>\n<meta property=\"og:image\" content=\"https:\/\/telconet.ch\/wp-content\/uploads\/2026\/04\/Startseite_hero-1024x576.png\" \/>\n\t<meta property=\"og:image:width\" content=\"1024\" \/>\n\t<meta property=\"og:image:height\" content=\"576\" \/>\n\t<meta property=\"og:image:type\" content=\"image\/png\" \/>\n<meta name=\"twitter:card\" content=\"summary_large_image\" \/>\n<meta name=\"twitter:label1\" content=\"Gesch\u00e4tzte Lesezeit\" \/>\n\t<meta name=\"twitter:data1\" content=\"3\u00a0Minuten\" \/>\n<script type=\"application\/ld+json\" class=\"yoast-schema-graph\">{\"@context\":\"https:\\\/\\\/schema.org\",\"@graph\":[{\"@type\":\"WebPage\",\"@id\":\"https:\\\/\\\/telconet.ch\\\/\",\"url\":\"https:\\\/\\\/telconet.ch\\\/\",\"name\":\"Startseite - Telconet\",\"isPartOf\":{\"@id\":\"https:\\\/\\\/telconet.ch\\\/#website\"},\"primaryImageOfPage\":{\"@id\":\"https:\\\/\\\/telconet.ch\\\/#primaryimage\"},\"image\":{\"@id\":\"https:\\\/\\\/telconet.ch\\\/#primaryimage\"},\"thumbnailUrl\":\"https:\\\/\\\/telconet.ch\\\/wp-content\\\/uploads\\\/2026\\\/04\\\/Startseite_hero.png?wsr\",\"datePublished\":\"2026-04-20T07:19:11+00:00\",\"dateModified\":\"2026-04-30T09:17:02+00:00\",\"description\":\"Die Telconet AG ist ein modernes ICT-Unternehmen, das die Anliegen und Bed\u00fcrfnisse der hiesigen Unternehmen kennt und massgeschneiderte L\u00f6sungen anbietet.\",\"breadcrumb\":{\"@id\":\"https:\\\/\\\/telconet.ch\\\/#breadcrumb\"},\"inLanguage\":\"de-CH\",\"potentialAction\":[{\"@type\":\"ReadAction\",\"target\":[\"https:\\\/\\\/telconet.ch\\\/\"]}]},{\"@type\":\"ImageObject\",\"inLanguage\":\"de-CH\",\"@id\":\"https:\\\/\\\/telconet.ch\\\/#primaryimage\",\"url\":\"https:\\\/\\\/telconet.ch\\\/wp-content\\\/uploads\\\/2026\\\/04\\\/Startseite_hero.png?wsr\",\"contentUrl\":\"https:\\\/\\\/telconet.ch\\\/wp-content\\\/uploads\\\/2026\\\/04\\\/Startseite_hero.png?wsr\",\"width\":1672,\"height\":941},{\"@type\":\"BreadcrumbList\",\"@id\":\"https:\\\/\\\/telconet.ch\\\/#breadcrumb\",\"itemListElement\":[{\"@type\":\"ListItem\",\"position\":1,\"name\":\"Startseite\",\"item\":\"https:\\\/\\\/telconet.ch\\\/\"},{\"@type\":\"ListItem\",\"position\":2,\"name\":\"Startseite\"}]},{\"@type\":\"WebSite\",\"@id\":\"https:\\\/\\\/telconet.ch\\\/#website\",\"url\":\"https:\\\/\\\/telconet.ch\\\/\",\"name\":\"Telconet AG\",\"description\":\"\",\"publisher\":{\"@id\":\"https:\\\/\\\/telconet.ch\\\/#organization\"},\"potentialAction\":[{\"@type\":\"SearchAction\",\"target\":{\"@type\":\"EntryPoint\",\"urlTemplate\":\"https:\\\/\\\/telconet.ch\\\/?s={search_term_string}\"},\"query-input\":{\"@type\":\"PropertyValueSpecification\",\"valueRequired\":true,\"valueName\":\"search_term_string\"}}],\"inLanguage\":\"de-CH\"},{\"@type\":\"Organization\",\"@id\":\"https:\\\/\\\/telconet.ch\\\/#organization\",\"name\":\"Telconet AG\",\"url\":\"https:\\\/\\\/telconet.ch\\\/\",\"logo\":{\"@type\":\"ImageObject\",\"inLanguage\":\"de-CH\",\"@id\":\"https:\\\/\\\/telconet.ch\\\/#\\\/schema\\\/logo\\\/image\\\/\",\"url\":\"https:\\\/\\\/telconet.ch\\\/wp-content\\\/uploads\\\/2026\\\/04\\\/telconet_logo_mit-claim-in-rot-gerade-schmal.png\",\"contentUrl\":\"https:\\\/\\\/telconet.ch\\\/wp-content\\\/uploads\\\/2026\\\/04\\\/telconet_logo_mit-claim-in-rot-gerade-schmal.png\",\"width\":1000,\"height\":268,\"caption\":\"Telconet AG\"},\"image\":{\"@id\":\"https:\\\/\\\/telconet.ch\\\/#\\\/schema\\\/logo\\\/image\\\/\"}}]}<\/script>\n<!-- \/ Yoast SEO plugin. -->","yoast_head_json":{"title":"Startseite - Telconet","description":"Die Telconet AG ist ein modernes ICT-Unternehmen, das die Anliegen und Bed\u00fcrfnisse der hiesigen Unternehmen kennt und massgeschneiderte L\u00f6sungen anbietet.","robots":{"index":"index","follow":"follow","max-snippet":"max-snippet:-1","max-image-preview":"max-image-preview:large","max-video-preview":"max-video-preview:-1"},"canonical":"https:\/\/telconet.ch\/","og_locale":"de_DE","og_type":"article","og_title":"Startseite - Telconet","og_description":"Die Telconet AG ist ein modernes ICT-Unternehmen, das die Anliegen und Bed\u00fcrfnisse der hiesigen Unternehmen kennt und massgeschneiderte L\u00f6sungen anbietet.","og_url":"https:\/\/telconet.ch\/","og_site_name":"Telconet","article_modified_time":"2026-04-30T09:17:02+00:00","og_image":[{"width":1024,"height":576,"url":"https:\/\/telconet.ch\/wp-content\/uploads\/2026\/04\/Startseite_hero-1024x576.png","type":"image\/png"}],"twitter_card":"summary_large_image","twitter_misc":{"Gesch\u00e4tzte Lesezeit":"3\u00a0Minuten"},"schema":{"@context":"https:\/\/schema.org","@graph":[{"@type":"WebPage","@id":"https:\/\/telconet.ch\/","url":"https:\/\/telconet.ch\/","name":"Startseite - Telconet","isPartOf":{"@id":"https:\/\/telconet.ch\/#website"},"primaryImageOfPage":{"@id":"https:\/\/telconet.ch\/#primaryimage"},"image":{"@id":"https:\/\/telconet.ch\/#primaryimage"},"thumbnailUrl":"https:\/\/telconet.ch\/wp-content\/uploads\/2026\/04\/Startseite_hero.png?wsr","datePublished":"2026-04-20T07:19:11+00:00","dateModified":"2026-04-30T09:17:02+00:00","description":"Die Telconet AG ist ein modernes ICT-Unternehmen, das die Anliegen und Bed\u00fcrfnisse der hiesigen Unternehmen kennt und massgeschneiderte L\u00f6sungen anbietet.","breadcrumb":{"@id":"https:\/\/telconet.ch\/#breadcrumb"},"inLanguage":"de-CH","potentialAction":[{"@type":"ReadAction","target":["https:\/\/telconet.ch\/"]}]},{"@type":"ImageObject","inLanguage":"de-CH","@id":"https:\/\/telconet.ch\/#primaryimage","url":"https:\/\/telconet.ch\/wp-content\/uploads\/2026\/04\/Startseite_hero.png?wsr","contentUrl":"https:\/\/telconet.ch\/wp-content\/uploads\/2026\/04\/Startseite_hero.png?wsr","width":1672,"height":941},{"@type":"BreadcrumbList","@id":"https:\/\/telconet.ch\/#breadcrumb","itemListElement":[{"@type":"ListItem","position":1,"name":"Startseite","item":"https:\/\/telconet.ch\/"},{"@type":"ListItem","position":2,"name":"Startseite"}]},{"@type":"WebSite","@id":"https:\/\/telconet.ch\/#website","url":"https:\/\/telconet.ch\/","name":"Telconet AG","description":"","publisher":{"@id":"https:\/\/telconet.ch\/#organization"},"potentialAction":[{"@type":"SearchAction","target":{"@type":"EntryPoint","urlTemplate":"https:\/\/telconet.ch\/?s={search_term_string}"},"query-input":{"@type":"PropertyValueSpecification","valueRequired":true,"valueName":"search_term_string"}}],"inLanguage":"de-CH"},{"@type":"Organization","@id":"https:\/\/telconet.ch\/#organization","name":"Telconet AG","url":"https:\/\/telconet.ch\/","logo":{"@type":"ImageObject","inLanguage":"de-CH","@id":"https:\/\/telconet.ch\/#\/schema\/logo\/image\/","url":"https:\/\/telconet.ch\/wp-content\/uploads\/2026\/04\/telconet_logo_mit-claim-in-rot-gerade-schmal.png","contentUrl":"https:\/\/telconet.ch\/wp-content\/uploads\/2026\/04\/telconet_logo_mit-claim-in-rot-gerade-schmal.png","width":1000,"height":268,"caption":"Telconet AG"},"image":{"@id":"https:\/\/telconet.ch\/#\/schema\/logo\/image\/"}}]}},"jetpack_sharing_enabled":true,"_links":{"self":[{"href":"https:\/\/telconet.ch\/index.php\/wp-json\/wp\/v2\/pages\/9","targetHints":{"allow":["GET"]}}],"collection":[{"href":"https:\/\/telconet.ch\/index.php\/wp-json\/wp\/v2\/pages"}],"about":[{"href":"https:\/\/telconet.ch\/index.php\/wp-json\/wp\/v2\/types\/page"}],"author":[{"embeddable":true,"href":"https:\/\/telconet.ch\/index.php\/wp-json\/wp\/v2\/users\/1"}],"replies":[{"embeddable":true,"href":"https:\/\/telconet.ch\/index.php\/wp-json\/wp\/v2\/comments?post=9"}],"version-history":[{"count":48,"href":"https:\/\/telconet.ch\/index.php\/wp-json\/wp\/v2\/pages\/9\/revisions"}],"predecessor-version":[{"id":300,"href":"https:\/\/telconet.ch\/index.php\/wp-json\/wp\/v2\/pages\/9\/revisions\/300"}],"wp:attachment":[{"href":"https:\/\/telconet.ch\/index.php\/wp-json\/wp\/v2\/media?parent=9"}],"curies":[{"name":"wp","href":"https:\/\/api.w.org\/{rel}","templated":true}]}}