{"id":12,"date":"2026-04-20T07:22:03","date_gmt":"2026-04-20T07:22:03","guid":{"rendered":"http:\/\/neu.telconet.ch\/?page_id=12"},"modified":"2026-04-30T11:35:37","modified_gmt":"2026-04-30T09:35:37","slug":"cloud-loesungen-hosting-telconet-ag","status":"publish","type":"page","link":"https:\/\/telconet.ch\/index.php\/cloud-loesungen-hosting-telconet-ag\/","title":{"rendered":"Cloud"},"content":{"rendered":"\n<div class=\"wp-block-group alignfull has-background has-global-padding is-layout-constrained wp-container-core-group-is-layout-94ff31dc wp-block-group-is-layout-constrained\" style=\"background-color:#0d2a4e;padding-top:60px;padding-bottom:60px\">\n<div class=\"wp-block-columns alignwide is-layout-flex wp-container-core-columns-is-layout-00723822 wp-block-columns-is-layout-flex\">\n<div class=\"wp-block-column is-layout-flow wp-block-column-is-layout-flow\" style=\"flex-basis:60%\">\n<p class=\"has-text-color\" style=\"color:#cc2222;font-size:0.85rem;font-weight:700;letter-spacing:2px\">CLOUD COMPUTING<\/p>\n\n\n\n<h1 class=\"wp-block-heading has-text-color\" style=\"color:#ffffff;font-size:clamp(1.551rem, 1.551rem + ((1vw - 0.2rem) * 1.645), 2.6rem);font-weight:800;line-height:1.3\">Nutzen auch Sie die Vorteile von Cloud Computing!<\/h1>\n\n\n\n<div style=\"height:16px\" aria-hidden=\"true\" class=\"wp-block-spacer\"><\/div>\n\n\n\n<p class=\"has-text-color\" style=\"color:#c8d8e8;font-size:clamp(0.875rem, 0.875rem + ((1vw - 0.2rem) * 0.196), 1rem);line-height:1.7\">Immer mehr Unternehmen \u00f6ffnen sich dem Thema Cloud, denn die Mehrwerte sind attraktiv und liegen auf der Hand. Skalierbarkeit, nutzungsorientierte Abrechnungen, Collaboration und keine hohen Anfangsinvestitionen.<\/p>\n\n\n\n<p class=\"has-text-color\" style=\"color:#c8d8e8;font-size:clamp(0.875rem, 0.875rem + ((1vw - 0.2rem) * 0.196), 1rem);line-height:1.7\">K\u00fcmmern Sie sich um Ihr Gesch\u00e4ft, nicht um Infrastrukturfragen. Maximieren Sie mit unseren Server- und Cloud-Leistungen die Verf\u00fcgbarkeit Ihrer Anwendungen und damit Ihren Erfolg.<\/p>\n<\/div>\n\n\n\n<div class=\"wp-block-column is-layout-flow wp-block-column-is-layout-flow\" style=\"flex-basis:40%\">\n<figure class=\"wp-block-image size-full is-resized has-custom-border\"><img loading=\"lazy\" decoding=\"async\" width=\"627\" height=\"783\" src=\"http:\/\/telconet.ch\/wp-content\/uploads\/2026\/04\/ai-generated-IMAGE.png\" alt=\"\" class=\"wp-image-104\" style=\"border-radius:8px;aspect-ratio:0.8007790598164488;width:301px;height:auto\" srcset=\"https:\/\/telconet.ch\/wp-content\/uploads\/2026\/04\/ai-generated-IMAGE.png 627w, https:\/\/telconet.ch\/wp-content\/uploads\/2026\/04\/ai-generated-IMAGE-240x300.png 240w\" sizes=\"auto, (max-width: 627px) 100vw, 627px\" \/><\/figure>\n<\/div>\n<\/div>\n<\/div>\n\n\n<p><!-- CLOUD MODELLE --><\/p>\n\n\n<div class=\"wp-block-group alignfull has-background has-global-padding is-layout-constrained wp-container-core-group-is-layout-94ff31dc wp-block-group-is-layout-constrained\" style=\"background-color:#e8f2ff;padding-top:60px;padding-bottom:60px\">\n<p class=\"has-text-align-center has-text-color\" style=\"color:#cc2222;font-size:0.85rem;font-weight:700;letter-spacing:2px\">PRIVATE \u00b7 PUBLIC \u00b7 HYBRID CLOUD<\/p>\n\n\n\n<h2 class=\"wp-block-heading has-text-align-center has-text-color\" style=\"color:#0d2a4e;font-size:clamp(1.25rem, 1.25rem + ((1vw - 0.2rem) * 1.176), 2rem);font-weight:700\">Die Cloud-Modelle im \u00dcberblick<\/h2>\n\n\n\n<div style=\"height:30px\" aria-hidden=\"true\" class=\"wp-block-spacer\"><\/div>\n\n\n\n<div class=\"wp-block-columns alignwide is-layout-flex wp-container-core-columns-is-layout-ea2d2580 wp-block-columns-is-layout-flex\">\n<div class=\"wp-block-column is-layout-flow wp-block-column-is-layout-flow\">\n<div class=\"wp-block-group has-background is-vertical is-layout-flex wp-container-core-group-is-layout-d1feff5d wp-block-group-is-layout-flex\" style=\"border-radius:8px;border-top-color:#cc2222;border-top-width:3px;background-color:#ffffff;padding-top:32px;padding-right:28px;padding-bottom:32px;padding-left:28px\">\n<svg xmlns=\"http:\/\/www.w3.org\/2000\/svg\" fill=\"none\" viewBox=\"0 0 24 24\" stroke-width=\"1.5\" stroke=\"currentColor\" style=\"width:36px;height:36px;display:block;margin-bottom:14px\">\n  <path stroke-linecap=\"round\" stroke-linejoin=\"round\" d=\"M2.25 15a4.5 4.5 0 0 0 4.5 4.5H18a3.75 3.75 0 0 0 1.332-7.257 3 3 0 0 0-3.758-3.848 5.25 5.25 0 0 0-10.233 2.33A4.502 4.502 0 0 0 2.25 15Z\" \/>\n<\/svg>\n\n\n\n<h3 class=\"wp-block-heading has-text-color\" style=\"color:#0d2a4e;font-size:clamp(0.875rem, 0.875rem + ((1vw - 0.2rem) * 0.51), 1.2rem);font-weight:700\">Public Cloud<\/h3>\n\n\n\n<p class=\"has-text-color\" style=\"color:#4a6080;font-size:clamp(0.875rem, 0.875rem + ((1vw - 0.2rem) * 0.118), 0.95rem);line-height:1.6\">Skalierbare und kosteneffiziente IT-Services via Internet. Ideal f\u00fcr Standardanwendungen, Collaboration-Tools und schnelle Bereitstellungen ohne hohe Anfangsinvestitionen.<\/p>\n<\/div>\n<\/div>\n\n\n\n<div class=\"wp-block-column is-layout-flow wp-block-column-is-layout-flow\">\n<div class=\"wp-block-group has-background is-vertical is-layout-flex wp-container-core-group-is-layout-d1feff5d wp-block-group-is-layout-flex\" style=\"border-radius:8px;border-top-color:#cc2222;border-top-width:3px;background-color:#0d2a4e;padding-top:32px;padding-right:28px;padding-bottom:32px;padding-left:28px\">\n<svg xmlns=\"http:\/\/www.w3.org\/2000\/svg\" fill=\"none\" viewBox=\"0 0 24 24\" stroke-width=\"1.5\" stroke=\"currentColor\" style=\"width:36px;height:36px;display:block;margin-bottom:14px\">\n  <path stroke-linecap=\"round\" stroke-linejoin=\"round\" d=\"M7.5 21 3 16.5m0 0L7.5 12M3 16.5h13.5m0-13.5L21 7.5m0 0L16.5 12M21 7.5H7.5\" \/>\n<\/svg>\n\n\n\n<h3 class=\"wp-block-heading has-text-color\" style=\"color:#ffffff;font-size:clamp(0.875rem, 0.875rem + ((1vw - 0.2rem) * 0.51), 1.2rem);font-weight:700\">Hybrid Cloud<\/h3>\n\n\n\n<p class=\"has-text-color\" style=\"color:#c8d8e8;font-size:clamp(0.875rem, 0.875rem + ((1vw - 0.2rem) * 0.118), 0.95rem);line-height:1.6\">Die intelligente Kombination aus lokaler Infrastruktur und Public Cloud. Behalten Sie die volle Kontrolle \u00fcber sensible Daten, w\u00e4hrend Sie flexibel auf Cloud-Ressourcen zugreifen.<\/p>\n<\/div>\n<\/div>\n\n\n\n<div class=\"wp-block-column is-layout-flow wp-block-column-is-layout-flow\">\n<div class=\"wp-block-group has-background is-vertical is-layout-flex wp-container-core-group-is-layout-d1feff5d wp-block-group-is-layout-flex\" style=\"border-radius:8px;border-top-color:#cc2222;border-top-width:3px;background-color:#ffffff;padding-top:32px;padding-right:28px;padding-bottom:32px;padding-left:28px\">\n<svg xmlns=\"http:\/\/www.w3.org\/2000\/svg\" fill=\"none\" viewBox=\"0 0 24 24\" stroke-width=\"1.5\" stroke=\"currentColor\" style=\"width:36px;height:36px;display:block;margin-bottom:14px\">\n  <path stroke-linecap=\"round\" stroke-linejoin=\"round\" d=\"M16.5 10.5V6.75a4.5 4.5 0 1 0-9 0v3.75m-.75 11.25h10.5a2.25 2.25 0 0 0 2.25-2.25v-6.75a2.25 2.25 0 0 0-2.25-2.25H6.75a2.25 2.25 0 0 0-2.25 2.25v6.75a2.25 2.25 0 0 0 2.25 2.25Z\" \/>\n<\/svg>\n\n\n\n<h3 class=\"wp-block-heading has-text-color\" style=\"color:#0d2a4e;font-size:clamp(0.875rem, 0.875rem + ((1vw - 0.2rem) * 0.51), 1.2rem);font-weight:700\">Private Cloud<\/h3>\n\n\n\n<p class=\"has-text-color\" style=\"color:#4a6080;font-size:clamp(0.875rem, 0.875rem + ((1vw - 0.2rem) * 0.118), 0.95rem);line-height:1.6\">Ihre exklusive Cloud-Infrastruktur f\u00fcr h\u00f6chste Anforderungen an Datensicherheit und Compliance. Sicher betrieben in unseren hochverf\u00fcgbaren Schweizer Rechenzentren.<\/p>\n<\/div>\n<\/div>\n<\/div>\n<\/div>\n\n\n<p><!-- CLOUD + VORTEILE --><\/p>\n\n\n<div class=\"wp-block-group alignfull has-background has-global-padding is-layout-constrained wp-container-core-group-is-layout-94ff31dc wp-block-group-is-layout-constrained\" style=\"background-color:#ffffff;padding-top:60px;padding-bottom:60px\">\n<div class=\"wp-block-columns alignwide is-layout-flex wp-container-core-columns-is-layout-114a0905 wp-block-columns-is-layout-flex\">\n<div class=\"wp-block-column is-layout-flow wp-block-column-is-layout-flow\" style=\"flex-basis:50%\">\n<p class=\"has-text-color\" style=\"color:#cc2222;font-size:0.85rem;font-weight:700;letter-spacing:2px\">CLOUD<\/p>\n\n\n\n<p class=\"has-text-color\" style=\"color:#4a6080;font-size:clamp(0.875rem, 0.875rem + ((1vw - 0.2rem) * 0.196), 1rem);line-height:1.7\">Die IT-Infrastruktur ist \u00fcber das Netzwerk erreichbar und wird \u00fcber standardisierte Schnittstellen und Protokolle durch den Anwender bedient. Die Nutzung erfolgt bedarfsorientiert und wird meist nutzungsabh\u00e4ngig abgerechnet.<\/p>\n\n\n\n<div style=\"height:20px\" aria-hidden=\"true\" class=\"wp-block-spacer\"><\/div>\n\n\n\n<p class=\"has-text-color\" style=\"color:#cc2222;font-size:0.85rem;font-weight:700;letter-spacing:2px\">NUTZEN &amp; VORTEILE<\/p>\n\n\n\n<ul style=\"color:#0d2a4e;font-size:clamp(0.875rem, 0.875rem + ((1vw - 0.2rem) * 0.196), 1rem);\" class=\"wp-block-list has-text-color\">\n<li>Server und Daten in der Schweiz<\/li>\n\n\n\n<li>Flexible Anpassung an Gesch\u00e4ftsbed\u00fcrfnisse<\/li>\n\n\n\n<li>Keine hohen Anfangsinvestitionen<\/li>\n\n\n\n<li>Maximale Skalierbarkeit<\/li>\n\n\n\n<li>H\u00f6chste Sicherheitsstandards<\/li>\n\n\n\n<li>Professionelle Betreuung und Support<\/li>\n<\/ul>\n<\/div>\n\n\n\n<div class=\"wp-block-column is-layout-flow wp-block-column-is-layout-flow\" style=\"flex-basis:50%\">\n<figure class=\"wp-block-image size-large is-resized has-custom-border\"><img loading=\"lazy\" decoding=\"async\" width=\"683\" height=\"1024\" src=\"http:\/\/telconet.ch\/wp-content\/uploads\/2026\/04\/a52f80a9-7e57-4670-951f-ca465d4c9747-683x1024.png\" alt=\"\" class=\"wp-image-102\" style=\"border-radius:8px;aspect-ratio:0.6670007014730935;width:287px;height:auto\" srcset=\"https:\/\/telconet.ch\/wp-content\/uploads\/2026\/04\/a52f80a9-7e57-4670-951f-ca465d4c9747-683x1024.png 683w, https:\/\/telconet.ch\/wp-content\/uploads\/2026\/04\/a52f80a9-7e57-4670-951f-ca465d4c9747-200x300.png 200w, https:\/\/telconet.ch\/wp-content\/uploads\/2026\/04\/a52f80a9-7e57-4670-951f-ca465d4c9747-768x1152.png 768w, https:\/\/telconet.ch\/wp-content\/uploads\/2026\/04\/a52f80a9-7e57-4670-951f-ca465d4c9747.png 1024w\" sizes=\"auto, (max-width: 683px) 100vw, 683px\" \/><\/figure>\n<\/div>\n<\/div>\n<\/div>\n\n\n<p><!-- SCHWEIZ --><\/p>\n\n\n<div class=\"wp-block-group alignfull has-background has-global-padding is-layout-constrained wp-container-core-group-is-layout-d6a64be5 wp-block-group-is-layout-constrained\" style=\"background-color:#0d2a4e;padding-top:60px;padding-bottom:60px\">\n<p class=\"has-text-align-center has-text-color\" style=\"color:#cc2222;font-size:0.85rem;font-weight:700;letter-spacing:2px\">DIE SCHWEIZ: OPTIMALER STANDORT F\u00dcR IHRE CLOUD<\/p>\n\n\n\n<div style=\"height:16px\" aria-hidden=\"true\" class=\"wp-block-spacer\"><\/div>\n\n\n\n<p class=\"has-text-align-center has-text-color\" style=\"color:#c8d8e8;font-size:clamp(0.875rem, 0.875rem + ((1vw - 0.2rem) * 0.275), 1.05rem);line-height:1.8\">Datensicherheit und Hochverf\u00fcgbarkeit sind in der Schweiz gesetzlich verankert und kulturell tief verwurzelt. Wir betreiben unsere Cloud-Infrastruktur ausschliesslich in zertifizierten Schweizer Rechenzentren. Ihre Daten verlassen das Land nicht und unterliegen vollumf\u00e4nglich der Schweizer Gesetzgebung.<\/p>\n\n\n\n<div style=\"height:30px\" aria-hidden=\"true\" class=\"wp-block-spacer\"><\/div>\n\n\n\n<div class=\"wp-block-buttons is-content-justification-center is-layout-flex wp-container-core-buttons-is-layout-a89b3969 wp-block-buttons-is-layout-flex\">\n<div class=\"wp-block-button\"><a class=\"wp-block-button__link has-text-color has-background wp-element-button\" href=\"\/index.php\/kontakt\" style=\"border-radius:6px;color:#ffffff;background-color:#cc2222;padding-top:14px;padding-right:36px;padding-bottom:14px;padding-left:36px\">Kontaktieren Sie uns<\/a><\/div>\n<\/div>\n<\/div>\n","protected":false},"excerpt":{"rendered":"<p>CLOUD COMPUTING Nutzen auch Sie die Vorteile von Cloud Computing! Immer mehr Unternehmen \u00f6ffnen sich dem Thema Cloud, denn die Mehrwerte sind attraktiv und liegen auf der Hand. Skalierbarkeit, nutzungsorientierte Abrechnungen, Collaboration und keine hohen Anfangsinvestitionen. K\u00fcmmern Sie sich um Ihr Gesch\u00e4ft, nicht um Infrastrukturfragen. Maximieren Sie mit unseren Server- und Cloud-Leistungen die Verf\u00fcgbarkeit Ihrer [&hellip;]<\/p>\n","protected":false},"author":1,"featured_media":0,"parent":0,"menu_order":0,"comment_status":"closed","ping_status":"closed","template":"","meta":{"footnotes":""},"class_list":["post-12","page","type-page","status-publish","hentry"],"yoast_head":"<!-- This site is optimized with the Yoast SEO plugin v27.5 - https:\/\/yoast.com\/product\/yoast-seo-wordpress\/ -->\n<title>Cloud - Telconet<\/title>\n<meta name=\"description\" content=\"Sichere Cloud-L\u00f6sungen und Hosting f\u00fcr KMU in der Schweiz. Telconet betreibt Ihre Cloud-Infrastruktur zuverl\u00e4ssig, skalierbar und im Schweizer Datacenter.\" \/>\n<meta name=\"robots\" content=\"index, follow, max-snippet:-1, max-image-preview:large, max-video-preview:-1\" \/>\n<link rel=\"canonical\" href=\"https:\/\/telconet.ch\/index.php\/cloud-loesungen-hosting-telconet-ag\/\" \/>\n<meta property=\"og:locale\" content=\"de_DE\" \/>\n<meta property=\"og:type\" content=\"article\" \/>\n<meta property=\"og:title\" content=\"Cloud - Telconet\" \/>\n<meta property=\"og:description\" content=\"Sichere Cloud-L\u00f6sungen und Hosting f\u00fcr KMU in der Schweiz. Telconet betreibt Ihre Cloud-Infrastruktur zuverl\u00e4ssig, skalierbar und im Schweizer Datacenter.\" \/>\n<meta property=\"og:url\" content=\"https:\/\/telconet.ch\/index.php\/cloud-loesungen-hosting-telconet-ag\/\" \/>\n<meta property=\"og:site_name\" content=\"Telconet\" \/>\n<meta property=\"article:modified_time\" content=\"2026-04-30T09:35:37+00:00\" \/>\n<meta property=\"og:image\" content=\"https:\/\/telconet.ch\/wp-content\/uploads\/2026\/04\/ai-generated-IMAGE.png?wsr\" \/>\n\t<meta property=\"og:image:width\" content=\"627\" \/>\n\t<meta property=\"og:image:height\" content=\"783\" \/>\n\t<meta property=\"og:image:type\" content=\"image\/png\" \/>\n<meta name=\"twitter:card\" content=\"summary_large_image\" \/>\n<meta name=\"twitter:label1\" content=\"Gesch\u00e4tzte Lesezeit\" \/>\n\t<meta name=\"twitter:data1\" content=\"2\u00a0Minuten\" \/>\n<script type=\"application\/ld+json\" class=\"yoast-schema-graph\">{\"@context\":\"https:\\\/\\\/schema.org\",\"@graph\":[{\"@type\":\"WebPage\",\"@id\":\"https:\\\/\\\/telconet.ch\\\/index.php\\\/cloud-loesungen-hosting-telconet-ag\\\/\",\"url\":\"https:\\\/\\\/telconet.ch\\\/index.php\\\/cloud-loesungen-hosting-telconet-ag\\\/\",\"name\":\"Cloud - Telconet\",\"isPartOf\":{\"@id\":\"https:\\\/\\\/telconet.ch\\\/#website\"},\"primaryImageOfPage\":{\"@id\":\"https:\\\/\\\/telconet.ch\\\/index.php\\\/cloud-loesungen-hosting-telconet-ag\\\/#primaryimage\"},\"image\":{\"@id\":\"https:\\\/\\\/telconet.ch\\\/index.php\\\/cloud-loesungen-hosting-telconet-ag\\\/#primaryimage\"},\"thumbnailUrl\":\"http:\\\/\\\/telconet.ch\\\/wp-content\\\/uploads\\\/2026\\\/04\\\/ai-generated-IMAGE.png\",\"datePublished\":\"2026-04-20T07:22:03+00:00\",\"dateModified\":\"2026-04-30T09:35:37+00:00\",\"description\":\"Sichere Cloud-L\u00f6sungen und Hosting f\u00fcr KMU in der Schweiz. Telconet betreibt Ihre Cloud-Infrastruktur zuverl\u00e4ssig, skalierbar und im Schweizer Datacenter.\",\"breadcrumb\":{\"@id\":\"https:\\\/\\\/telconet.ch\\\/index.php\\\/cloud-loesungen-hosting-telconet-ag\\\/#breadcrumb\"},\"inLanguage\":\"de-CH\",\"potentialAction\":[{\"@type\":\"ReadAction\",\"target\":[\"https:\\\/\\\/telconet.ch\\\/index.php\\\/cloud-loesungen-hosting-telconet-ag\\\/\"]}]},{\"@type\":\"ImageObject\",\"inLanguage\":\"de-CH\",\"@id\":\"https:\\\/\\\/telconet.ch\\\/index.php\\\/cloud-loesungen-hosting-telconet-ag\\\/#primaryimage\",\"url\":\"https:\\\/\\\/telconet.ch\\\/wp-content\\\/uploads\\\/2026\\\/04\\\/ai-generated-IMAGE.png?wsr\",\"contentUrl\":\"https:\\\/\\\/telconet.ch\\\/wp-content\\\/uploads\\\/2026\\\/04\\\/ai-generated-IMAGE.png?wsr\",\"width\":627,\"height\":783},{\"@type\":\"BreadcrumbList\",\"@id\":\"https:\\\/\\\/telconet.ch\\\/index.php\\\/cloud-loesungen-hosting-telconet-ag\\\/#breadcrumb\",\"itemListElement\":[{\"@type\":\"ListItem\",\"position\":1,\"name\":\"Startseite\",\"item\":\"https:\\\/\\\/telconet.ch\\\/\"},{\"@type\":\"ListItem\",\"position\":2,\"name\":\"Cloud\"}]},{\"@type\":\"WebSite\",\"@id\":\"https:\\\/\\\/telconet.ch\\\/#website\",\"url\":\"https:\\\/\\\/telconet.ch\\\/\",\"name\":\"Telconet AG\",\"description\":\"\",\"publisher\":{\"@id\":\"https:\\\/\\\/telconet.ch\\\/#organization\"},\"potentialAction\":[{\"@type\":\"SearchAction\",\"target\":{\"@type\":\"EntryPoint\",\"urlTemplate\":\"https:\\\/\\\/telconet.ch\\\/?s={search_term_string}\"},\"query-input\":{\"@type\":\"PropertyValueSpecification\",\"valueRequired\":true,\"valueName\":\"search_term_string\"}}],\"inLanguage\":\"de-CH\"},{\"@type\":\"Organization\",\"@id\":\"https:\\\/\\\/telconet.ch\\\/#organization\",\"name\":\"Telconet AG\",\"url\":\"https:\\\/\\\/telconet.ch\\\/\",\"logo\":{\"@type\":\"ImageObject\",\"inLanguage\":\"de-CH\",\"@id\":\"https:\\\/\\\/telconet.ch\\\/#\\\/schema\\\/logo\\\/image\\\/\",\"url\":\"https:\\\/\\\/telconet.ch\\\/wp-content\\\/uploads\\\/2026\\\/04\\\/telconet_logo_mit-claim-in-rot-gerade-schmal.png\",\"contentUrl\":\"https:\\\/\\\/telconet.ch\\\/wp-content\\\/uploads\\\/2026\\\/04\\\/telconet_logo_mit-claim-in-rot-gerade-schmal.png\",\"width\":1000,\"height\":268,\"caption\":\"Telconet AG\"},\"image\":{\"@id\":\"https:\\\/\\\/telconet.ch\\\/#\\\/schema\\\/logo\\\/image\\\/\"}}]}<\/script>\n<!-- \/ Yoast SEO plugin. -->","yoast_head_json":{"title":"Cloud - Telconet","description":"Sichere Cloud-L\u00f6sungen und Hosting f\u00fcr KMU in der Schweiz. Telconet betreibt Ihre Cloud-Infrastruktur zuverl\u00e4ssig, skalierbar und im Schweizer Datacenter.","robots":{"index":"index","follow":"follow","max-snippet":"max-snippet:-1","max-image-preview":"max-image-preview:large","max-video-preview":"max-video-preview:-1"},"canonical":"https:\/\/telconet.ch\/index.php\/cloud-loesungen-hosting-telconet-ag\/","og_locale":"de_DE","og_type":"article","og_title":"Cloud - Telconet","og_description":"Sichere Cloud-L\u00f6sungen und Hosting f\u00fcr KMU in der Schweiz. Telconet betreibt Ihre Cloud-Infrastruktur zuverl\u00e4ssig, skalierbar und im Schweizer Datacenter.","og_url":"https:\/\/telconet.ch\/index.php\/cloud-loesungen-hosting-telconet-ag\/","og_site_name":"Telconet","article_modified_time":"2026-04-30T09:35:37+00:00","og_image":[{"width":627,"height":783,"url":"https:\/\/telconet.ch\/wp-content\/uploads\/2026\/04\/ai-generated-IMAGE.png?wsr","type":"image\/png"}],"twitter_card":"summary_large_image","twitter_misc":{"Gesch\u00e4tzte Lesezeit":"2\u00a0Minuten"},"schema":{"@context":"https:\/\/schema.org","@graph":[{"@type":"WebPage","@id":"https:\/\/telconet.ch\/index.php\/cloud-loesungen-hosting-telconet-ag\/","url":"https:\/\/telconet.ch\/index.php\/cloud-loesungen-hosting-telconet-ag\/","name":"Cloud - Telconet","isPartOf":{"@id":"https:\/\/telconet.ch\/#website"},"primaryImageOfPage":{"@id":"https:\/\/telconet.ch\/index.php\/cloud-loesungen-hosting-telconet-ag\/#primaryimage"},"image":{"@id":"https:\/\/telconet.ch\/index.php\/cloud-loesungen-hosting-telconet-ag\/#primaryimage"},"thumbnailUrl":"http:\/\/telconet.ch\/wp-content\/uploads\/2026\/04\/ai-generated-IMAGE.png","datePublished":"2026-04-20T07:22:03+00:00","dateModified":"2026-04-30T09:35:37+00:00","description":"Sichere Cloud-L\u00f6sungen und Hosting f\u00fcr KMU in der Schweiz. Telconet betreibt Ihre Cloud-Infrastruktur zuverl\u00e4ssig, skalierbar und im Schweizer Datacenter.","breadcrumb":{"@id":"https:\/\/telconet.ch\/index.php\/cloud-loesungen-hosting-telconet-ag\/#breadcrumb"},"inLanguage":"de-CH","potentialAction":[{"@type":"ReadAction","target":["https:\/\/telconet.ch\/index.php\/cloud-loesungen-hosting-telconet-ag\/"]}]},{"@type":"ImageObject","inLanguage":"de-CH","@id":"https:\/\/telconet.ch\/index.php\/cloud-loesungen-hosting-telconet-ag\/#primaryimage","url":"https:\/\/telconet.ch\/wp-content\/uploads\/2026\/04\/ai-generated-IMAGE.png?wsr","contentUrl":"https:\/\/telconet.ch\/wp-content\/uploads\/2026\/04\/ai-generated-IMAGE.png?wsr","width":627,"height":783},{"@type":"BreadcrumbList","@id":"https:\/\/telconet.ch\/index.php\/cloud-loesungen-hosting-telconet-ag\/#breadcrumb","itemListElement":[{"@type":"ListItem","position":1,"name":"Startseite","item":"https:\/\/telconet.ch\/"},{"@type":"ListItem","position":2,"name":"Cloud"}]},{"@type":"WebSite","@id":"https:\/\/telconet.ch\/#website","url":"https:\/\/telconet.ch\/","name":"Telconet AG","description":"","publisher":{"@id":"https:\/\/telconet.ch\/#organization"},"potentialAction":[{"@type":"SearchAction","target":{"@type":"EntryPoint","urlTemplate":"https:\/\/telconet.ch\/?s={search_term_string}"},"query-input":{"@type":"PropertyValueSpecification","valueRequired":true,"valueName":"search_term_string"}}],"inLanguage":"de-CH"},{"@type":"Organization","@id":"https:\/\/telconet.ch\/#organization","name":"Telconet AG","url":"https:\/\/telconet.ch\/","logo":{"@type":"ImageObject","inLanguage":"de-CH","@id":"https:\/\/telconet.ch\/#\/schema\/logo\/image\/","url":"https:\/\/telconet.ch\/wp-content\/uploads\/2026\/04\/telconet_logo_mit-claim-in-rot-gerade-schmal.png","contentUrl":"https:\/\/telconet.ch\/wp-content\/uploads\/2026\/04\/telconet_logo_mit-claim-in-rot-gerade-schmal.png","width":1000,"height":268,"caption":"Telconet AG"},"image":{"@id":"https:\/\/telconet.ch\/#\/schema\/logo\/image\/"}}]}},"jetpack_sharing_enabled":true,"_links":{"self":[{"href":"https:\/\/telconet.ch\/index.php\/wp-json\/wp\/v2\/pages\/12","targetHints":{"allow":["GET"]}}],"collection":[{"href":"https:\/\/telconet.ch\/index.php\/wp-json\/wp\/v2\/pages"}],"about":[{"href":"https:\/\/telconet.ch\/index.php\/wp-json\/wp\/v2\/types\/page"}],"author":[{"embeddable":true,"href":"https:\/\/telconet.ch\/index.php\/wp-json\/wp\/v2\/users\/1"}],"replies":[{"embeddable":true,"href":"https:\/\/telconet.ch\/index.php\/wp-json\/wp\/v2\/comments?post=12"}],"version-history":[{"count":8,"href":"https:\/\/telconet.ch\/index.php\/wp-json\/wp\/v2\/pages\/12\/revisions"}],"predecessor-version":[{"id":308,"href":"https:\/\/telconet.ch\/index.php\/wp-json\/wp\/v2\/pages\/12\/revisions\/308"}],"wp:attachment":[{"href":"https:\/\/telconet.ch\/index.php\/wp-json\/wp\/v2\/media?parent=12"}],"curies":[{"name":"wp","href":"https:\/\/api.w.org\/{rel}","templated":true}]}}