{"id":116,"date":"2026-04-20T14:26:29","date_gmt":"2026-04-20T14:26:29","guid":{"rendered":"http:\/\/neu.telconet.ch\/?page_id=116"},"modified":"2026-04-29T13:57:15","modified_gmt":"2026-04-29T11:57:15","slug":"chargecontrol","status":"publish","type":"page","link":"https:\/\/telconet.ch\/index.php\/chargecontrol\/","title":{"rendered":"chargecontrol"},"content":{"rendered":"<p><!-- ===== HERO ===== --><\/p>\n\n\n<div class=\"wp-block-group alignfull has-background has-global-padding is-layout-constrained wp-container-core-group-is-layout-35faf568 wp-block-group-is-layout-constrained\" style=\"background-color:#0A1628;margin-top:0;margin-bottom:0;padding-top:80px;padding-bottom:80px\">\n<figure class=\"wp-block-image alignleft size-full is-resized\"><img decoding=\"async\" src=\"http:\/\/telconet.ch\/wp-content\/uploads\/2026\/04\/chargecontrol-logo-1024x139.png\" alt=\"ChargeControl Logo\" style=\"aspect-ratio:7.367622259696459;width:1016px;height:auto\"\/><\/figure>\n\n\n\n<div style=\"height:20px\" aria-hidden=\"true\" class=\"wp-block-spacer\"><\/div>\n\n\n\n<div class=\"wp-block-columns alignwide is-layout-flex wp-container-core-columns-is-layout-2ce8019d wp-block-columns-is-layout-flex\" style=\"margin-top:0;margin-bottom:0\">\n<div class=\"wp-block-column is-vertically-aligned-center is-layout-flow wp-block-column-is-layout-flow\">\n<p class=\"has-text-color\" style=\"color:#2ECC71;margin-top:0;margin-bottom:12px;font-size:0.8rem;font-weight:700;letter-spacing:2px\"><p style=\"color:#2ECC71;font-weight:700;font-size:0.8rem;letter-spacing:2px;margin-top:0;margin-bottom:12px\">\u25cf SPEZIELL F\u00dcR DEN SCHWEIZER MARKT<\/p><\/p>\n\n\n\n<h1 class=\"wp-block-heading has-text-color\" style=\"color:#ffffff;margin-top:0;margin-bottom:20px;font-size:clamp(1.743rem, 1.743rem + ((1vw - 0.2rem) * 1.972), 3rem);font-weight:800;line-height:1.15\">Tiefgaragen mit <span style=\"color:#2ECC71\">Ladestationen<\/span> erschliessen<\/h1>\n\n\n\n<p class=\"has-text-color\" style=\"color:rgba(255,255,255,0.65);margin-top:0;margin-bottom:28px;font-size:1.05rem;line-height:1.75\"><p style=\"color:rgba(255,255,255,0.65);font-size:1.05rem;line-height:1.75;margin-top:0;margin-bottom:28px\">Wir erschliessen Tiefgaragen mit Ladestationen. Auf Wunsch mit Schnell-Ladestationen mit der h\u00f6chstm\u00f6glichen Leistung. Selbstverst\u00e4ndlich mit Last-Management und einfacher, direkter Abrechnung.<\/p><\/p>\n\n\n\n<div class=\"wp-block-buttons is-layout-flex wp-block-buttons-is-layout-flex\">\n<div class=\"wp-block-button\"><a class=\"wp-block-button__link has-text-color has-background has-custom-font-size wp-element-button\" href=\"https:\/\/chargecontrol.ch\/kontakt-und-offerte-einholen\/\" style=\"border-radius:8px;color:#0A1628;background-color:#2ECC71;padding-top:14px;padding-right:28px;padding-bottom:14px;padding-left:28px;font-size:clamp(0.875rem, 0.875rem + ((1vw - 0.2rem) * 0.118), 0.95rem);font-weight:700\" target=\"_blank\" rel=\"noreferrer noopener\">Jetzt Offerte einholen<\/a><\/div>\n\n\n\n<div class=\"wp-block-button is-style-outline is-style-outline--1\"><a class=\"wp-block-button__link has-text-color has-border-color has-custom-font-size wp-element-button\" href=\"http:\/\/chargecontrol.ch\" style=\"border-color:rgba(255,255,255,0.3);border-width:1.5px;border-radius:8px;color:#ffffff;padding-top:14px;padding-right:28px;padding-bottom:14px;padding-left:28px;font-size:clamp(0.875rem, 0.875rem + ((1vw - 0.2rem) * 0.118), 0.95rem);\" target=\"_blank\" rel=\"noreferrer noopener\">Mehr erfahren<\/a><\/div>\n<\/div>\n<\/div>\n\n\n\n<div class=\"wp-block-column is-vertically-aligned-center is-layout-flow wp-block-column-is-layout-flow\">\n<figure class=\"wp-block-image aligncenter size-large has-custom-border\"><img loading=\"lazy\" decoding=\"async\" width=\"1024\" height=\"990\" src=\"http:\/\/telconet.ch\/wp-content\/uploads\/2026\/04\/Wallbox_frei_fuer_Web-1024x990.png\" alt=\"\" class=\"wp-image-121\" style=\"border-radius:16px\" srcset=\"https:\/\/telconet.ch\/wp-content\/uploads\/2026\/04\/Wallbox_frei_fuer_Web-1024x990.png 1024w, https:\/\/telconet.ch\/wp-content\/uploads\/2026\/04\/Wallbox_frei_fuer_Web-300x290.png 300w, https:\/\/telconet.ch\/wp-content\/uploads\/2026\/04\/Wallbox_frei_fuer_Web-768x743.png 768w, https:\/\/telconet.ch\/wp-content\/uploads\/2026\/04\/Wallbox_frei_fuer_Web-1536x1485.png 1536w, https:\/\/telconet.ch\/wp-content\/uploads\/2026\/04\/Wallbox_frei_fuer_Web.png 1727w\" sizes=\"auto, (max-width: 1024px) 100vw, 1024px\" \/><\/figure>\n<\/div>\n<\/div>\n<\/div>\n\n\n<p><!-- ===== STATS ===== --><\/p>\n<p><!-- ===== LEISTUNGEN ===== --><\/p>\n\n\n<div class=\"wp-block-group alignfull has-background has-global-padding is-layout-constrained wp-container-core-group-is-layout-35faf568 wp-block-group-is-layout-constrained\" id=\"leistungen\" style=\"background-color:#112040;margin-top:0;margin-bottom:0;padding-top:80px;padding-bottom:80px\">\n<p class=\"has-text-color\" style=\"color:#2ECC71;margin-top:0;margin-bottom:10px;font-size:0.8rem;font-weight:700;letter-spacing:2px\"><p style=\"color:#2ECC71;font-weight:700;font-size:0.8rem;letter-spacing:2px;margin-top:0;margin-bottom:10px\">LEISTUNGEN<\/p><\/p>\n\n\n\n<h2 class=\"wp-block-heading has-text-color\" style=\"color:#ffffff;margin-top:0;margin-bottom:12px;font-size:clamp(1.352rem, 1.352rem + ((1vw - 0.2rem) * 1.33), 2.2rem);font-weight:800\">Alles inklusive. <span style=\"color:#2ECC71\">Aus einer Hand.<\/span><\/h2>\n\n\n\n<p class=\"has-text-color\" style=\"color:rgba(255,255,255,0.58);margin-top:0;margin-bottom:44px;font-size:1rem;line-height:1.7\"><p style=\"color:rgba(255,255,255,0.58);font-size:1rem;line-height:1.7;max-width:560px;margin-top:0;margin-bottom:44px\">Mit ChargeControl decken Sie alle Bed\u00fcrfnisse rund um Ladeinfrastruktur in Ihrer Tiefgarage ab \u2013 heute und f\u00fcr die Zukunft.<\/p><\/p>\n\n\n\n<div class=\"wp-block-columns alignwide is-layout-flex wp-container-core-columns-is-layout-df45ef51 wp-block-columns-is-layout-flex\" style=\"margin-top:0;margin-bottom:0\">\n<div class=\"wp-block-column is-layout-flow wp-block-column-is-layout-flow\">\n<p class=\"has-text-color\" style=\"color:#2ECC71;margin-top:0;margin-bottom:12px;font-size:1.5rem\"><p style=\"color:#2ECC71;font-size:1.5rem;margin-top:0;margin-bottom:12px\">\u26a1<\/p><\/p>\n\n\n\n<h3 class=\"wp-block-heading has-text-color\" style=\"color:#ffffff;margin-top:0;margin-bottom:8px;font-size:clamp(0.875rem, 0.875rem + ((1vw - 0.2rem) * 0.275), 1.05rem);font-weight:700\">Intelligentes Last-Management<\/h3>\n\n\n\n<p class=\"has-text-color\" style=\"color:rgba(255,255,255,0.54);margin-top:0;margin-bottom:0;font-size:0.88rem;line-height:1.65\"><p style=\"color:rgba(255,255,255,0.54);font-size:0.88rem;line-height:1.65;margin-top:0;margin-bottom:0\">Effizientes Last-Management bildet die Basis, um Infrastruktur und Stromversorgung des Geb\u00e4udes zu gew\u00e4hrleisten \u2013 ohne Engp\u00e4sse.<\/p><\/p>\n<\/div>\n\n\n\n<div class=\"wp-block-column is-layout-flow wp-block-column-is-layout-flow\">\n<p class=\"has-text-color\" style=\"color:#2ECC71;margin-top:0;margin-bottom:12px;font-size:1.5rem\"><p style=\"color:#2ECC71;font-size:1.5rem;margin-top:0;margin-bottom:12px\">\ud83e\uddfe<\/p><\/p>\n\n\n\n<h3 class=\"wp-block-heading has-text-color\" style=\"color:#ffffff;margin-top:0;margin-bottom:8px;font-size:clamp(0.875rem, 0.875rem + ((1vw - 0.2rem) * 0.275), 1.05rem);font-weight:700\">Einfache Abrechnung<\/h3>\n\n\n\n<p class=\"has-text-color\" style=\"color:rgba(255,255,255,0.54);margin-top:0;margin-bottom:0;font-size:0.88rem;line-height:1.65\"><p style=\"color:rgba(255,255,255,0.54);font-size:0.88rem;line-height:1.65;margin-top:0;margin-bottom:0\">Transparent und direkt \u2013 weder f\u00fcr die Immobilienverwaltung noch f\u00fcr den Mieter belastend. Sichere Verrechnung inklusive.<\/p><\/p>\n<\/div>\n\n\n\n<div class=\"wp-block-column is-layout-flow wp-block-column-is-layout-flow\">\n<p class=\"has-text-color\" style=\"color:#2ECC71;margin-top:0;margin-bottom:12px;font-size:1.5rem\"><p style=\"color:#2ECC71;font-size:1.5rem;margin-top:0;margin-bottom:12px\">\ud83d\udd12<\/p><\/p>\n\n\n\n<h3 class=\"wp-block-heading has-text-color\" style=\"color:#ffffff;margin-top:0;margin-bottom:8px;font-size:clamp(0.875rem, 0.875rem + ((1vw - 0.2rem) * 0.275), 1.05rem);font-weight:700\">Zukunftssichere Technik<\/h3>\n\n\n\n<p class=\"has-text-color\" style=\"color:rgba(255,255,255,0.54);margin-top:0;margin-bottom:0;font-size:0.88rem;line-height:1.65\"><p style=\"color:rgba(255,255,255,0.54);font-size:0.88rem;line-height:1.65;margin-top:0;margin-bottom:0\">Bidirektionales Laden, offene Skalierbarkeit. Bereits f\u00fcr Schnell-Ladestationen vorbereitet.<\/p><\/p>\n<\/div>\n<\/div>\n<\/div>\n\n\n<p><!-- ===== INSTALLATION ===== --><\/p>\n\n\n<div class=\"wp-block-group alignfull has-background has-global-padding is-layout-constrained wp-container-core-group-is-layout-35faf568 wp-block-group-is-layout-constrained\" id=\"installation\" style=\"background-color:#0A1628;margin-top:0;margin-bottom:0;padding-top:80px;padding-bottom:80px\">\n<div class=\"wp-block-columns alignwide is-layout-flex wp-container-core-columns-is-layout-398e68c1 wp-block-columns-is-layout-flex\" style=\"margin-top:0;margin-bottom:0\">\n<div class=\"wp-block-column is-layout-flow wp-block-column-is-layout-flow\">\n<figure class=\"wp-block-image aligncenter size-large has-custom-border\"><img loading=\"lazy\" decoding=\"async\" width=\"812\" height=\"1024\" src=\"http:\/\/telconet.ch\/wp-content\/uploads\/2026\/04\/Design-ohne-Titel-1-812x1024.png\" alt=\"\" class=\"wp-image-176\" style=\"border-radius:14px\" srcset=\"https:\/\/telconet.ch\/wp-content\/uploads\/2026\/04\/Design-ohne-Titel-1-812x1024.png 812w, https:\/\/telconet.ch\/wp-content\/uploads\/2026\/04\/Design-ohne-Titel-1-238x300.png 238w, https:\/\/telconet.ch\/wp-content\/uploads\/2026\/04\/Design-ohne-Titel-1-768x969.png 768w, https:\/\/telconet.ch\/wp-content\/uploads\/2026\/04\/Design-ohne-Titel-1.png 1117w\" sizes=\"auto, (max-width: 812px) 100vw, 812px\" \/><\/figure>\n<\/div>\n\n\n\n<div class=\"wp-block-column is-layout-flow wp-block-column-is-layout-flow\">\n<p class=\"has-text-color\" style=\"color:#2ECC71;margin-top:0;margin-bottom:10px;font-size:0.8rem;font-weight:700;letter-spacing:2px\"><p style=\"color:#2ECC71;font-weight:700;font-size:0.8rem;letter-spacing:2px;margin-top:0;margin-bottom:10px\">INSTALLATION<\/p><\/p>\n\n\n\n<h2 class=\"wp-block-heading has-text-color\" style=\"color:#ffffff;margin-top:0;margin-bottom:12px;font-size:clamp(1.25rem, 1.25rem + ((1vw - 0.2rem) * 1.176), 2rem);font-weight:800\">Vorbereitet f\u00fcr <span style=\"color:#2ECC71\">Schnell-Ladestationen<\/span><\/h2>\n\n\n\n<p class=\"has-text-color\" style=\"color:rgba(255,255,255,0.75);margin-top:0;margin-bottom:6px;font-size:0.92rem;line-height:1.7\"><p style=\"color:rgba(255,255,255,0.75);font-size:0.92rem;line-height:1.7;margin-top:0;margin-bottom:6px\">\u2705 &nbsp;Erschliessen der Parkfelder mit Abgangsdosen, Stromkabel und Datenleitungen<\/p><\/p>\n\n\n\n<p class=\"has-text-color\" style=\"color:rgba(255,255,255,0.75);margin-top:0;margin-bottom:6px;font-size:0.92rem;line-height:1.7\"><p style=\"color:rgba(255,255,255,0.75);font-size:0.92rem;line-height:1.7;margin-top:0;margin-bottom:6px\">\u2705 &nbsp;Installationsanzeige, Anschlussgesuch und Sicherheitsnachweis inklusive<\/p><\/p>\n\n\n\n<p class=\"has-text-color\" style=\"color:rgba(255,255,255,0.75);margin-top:0;margin-bottom:6px;font-size:0.92rem;line-height:1.7\"><p style=\"color:rgba(255,255,255,0.75);font-size:0.92rem;line-height:1.7;margin-top:0;margin-bottom:6px\">\u2705 &nbsp;Grundinstallation 100 A \u2013 Ausbau auf 200 A bereits vorbereitet<\/p><\/p>\n\n\n\n<p class=\"has-text-color\" style=\"color:rgba(255,255,255,0.75);margin-top:0;margin-bottom:6px;font-size:0.92rem;line-height:1.7\"><p style=\"color:rgba(255,255,255,0.75);font-size:0.92rem;line-height:1.7;margin-top:0;margin-bottom:6px\">\u2705 &nbsp;Abnahme durch konzessionierten Elektroinstallateur<\/p><\/p>\n\n\n\n<div style=\"height:20px\" aria-hidden=\"true\" class=\"wp-block-spacer\"><\/div>\n\n\n\n<div class=\"wp-block-buttons is-layout-flex wp-block-buttons-is-layout-flex\">\n<div class=\"wp-block-button\"><a class=\"wp-block-button__link has-text-color has-background wp-element-button\" href=\"https:\/\/chargecontrol.ch\/kontakt-und-offerte-einholen\/\" style=\"border-radius:8px;color:#0A1628;background-color:#2ECC71;padding-top:13px;padding-right:26px;padding-bottom:13px;padding-left:26px;font-weight:700\" target=\"_blank\" rel=\"noreferrer noopener\">Jetzt Offerte anfragen<\/a><\/div>\n<\/div>\n<\/div>\n<\/div>\n<\/div>\n\n\n<p><!-- ===== FINANZIERUNG ===== --><\/p>\n\n\n<p><\/p>\n","protected":false},"excerpt":{"rendered":"<p>\u25cf SPEZIELL F\u00dcR DEN SCHWEIZER MARKT Tiefgaragen mit Ladestationen erschliessen Wir erschliessen Tiefgaragen mit Ladestationen. Auf Wunsch mit Schnell-Ladestationen mit der h\u00f6chstm\u00f6glichen Leistung. Selbstverst\u00e4ndlich mit Last-Management und einfacher, direkter Abrechnung. LEISTUNGEN Alles inklusive. Aus einer Hand. Mit ChargeControl decken Sie alle Bed\u00fcrfnisse rund um Ladeinfrastruktur in Ihrer Tiefgarage ab \u2013 heute und f\u00fcr die Zukunft. [&hellip;]<\/p>\n","protected":false},"author":1,"featured_media":0,"parent":0,"menu_order":0,"comment_status":"closed","ping_status":"closed","template":"","meta":{"footnotes":""},"class_list":["post-116","page","type-page","status-publish","hentry"],"yoast_head":"<!-- This site is optimized with the Yoast SEO plugin v27.5 - https:\/\/yoast.com\/product\/yoast-seo-wordpress\/ -->\n<title>chargecontrol - Telconet<\/title>\n<meta name=\"robots\" content=\"index, follow, max-snippet:-1, max-image-preview:large, max-video-preview:-1\" \/>\n<link rel=\"canonical\" href=\"https:\/\/telconet.ch\/index.php\/chargecontrol\/\" \/>\n<meta property=\"og:locale\" content=\"de_DE\" \/>\n<meta property=\"og:type\" content=\"article\" \/>\n<meta property=\"og:title\" content=\"chargecontrol - Telconet\" \/>\n<meta property=\"og:description\" content=\"\u25cf SPEZIELL F\u00dcR DEN SCHWEIZER MARKT Tiefgaragen mit Ladestationen erschliessen Wir erschliessen Tiefgaragen mit Ladestationen. Auf Wunsch mit Schnell-Ladestationen mit der h\u00f6chstm\u00f6glichen Leistung. Selbstverst\u00e4ndlich mit Last-Management und einfacher, direkter Abrechnung. LEISTUNGEN Alles inklusive. Aus einer Hand. Mit ChargeControl decken Sie alle Bed\u00fcrfnisse rund um Ladeinfrastruktur in Ihrer Tiefgarage ab \u2013 heute und f\u00fcr die Zukunft. [&hellip;]\" \/>\n<meta property=\"og:url\" content=\"https:\/\/telconet.ch\/index.php\/chargecontrol\/\" \/>\n<meta property=\"og:site_name\" content=\"Telconet\" \/>\n<meta property=\"article:modified_time\" content=\"2026-04-29T11:57:15+00:00\" \/>\n<meta property=\"og:image\" content=\"http:\/\/telconet.ch\/wp-content\/uploads\/2026\/04\/chargecontrol-logo-1024x139.png\" \/>\n<meta name=\"twitter:card\" content=\"summary_large_image\" \/>\n<meta name=\"twitter:label1\" content=\"Gesch\u00e4tzte Lesezeit\" \/>\n\t<meta name=\"twitter:data1\" content=\"1\u00a0Minute\" \/>\n<script type=\"application\/ld+json\" class=\"yoast-schema-graph\">{\"@context\":\"https:\\\/\\\/schema.org\",\"@graph\":[{\"@type\":\"WebPage\",\"@id\":\"https:\\\/\\\/telconet.ch\\\/index.php\\\/chargecontrol\\\/\",\"url\":\"https:\\\/\\\/telconet.ch\\\/index.php\\\/chargecontrol\\\/\",\"name\":\"chargecontrol - Telconet\",\"isPartOf\":{\"@id\":\"https:\\\/\\\/telconet.ch\\\/#website\"},\"primaryImageOfPage\":{\"@id\":\"https:\\\/\\\/telconet.ch\\\/index.php\\\/chargecontrol\\\/#primaryimage\"},\"image\":{\"@id\":\"https:\\\/\\\/telconet.ch\\\/index.php\\\/chargecontrol\\\/#primaryimage\"},\"thumbnailUrl\":\"http:\\\/\\\/telconet.ch\\\/wp-content\\\/uploads\\\/2026\\\/04\\\/chargecontrol-logo-1024x139.png\",\"datePublished\":\"2026-04-20T14:26:29+00:00\",\"dateModified\":\"2026-04-29T11:57:15+00:00\",\"breadcrumb\":{\"@id\":\"https:\\\/\\\/telconet.ch\\\/index.php\\\/chargecontrol\\\/#breadcrumb\"},\"inLanguage\":\"de-CH\",\"potentialAction\":[{\"@type\":\"ReadAction\",\"target\":[\"https:\\\/\\\/telconet.ch\\\/index.php\\\/chargecontrol\\\/\"]}]},{\"@type\":\"ImageObject\",\"inLanguage\":\"de-CH\",\"@id\":\"https:\\\/\\\/telconet.ch\\\/index.php\\\/chargecontrol\\\/#primaryimage\",\"url\":\"http:\\\/\\\/telconet.ch\\\/wp-content\\\/uploads\\\/2026\\\/04\\\/chargecontrol-logo-1024x139.png\",\"contentUrl\":\"http:\\\/\\\/telconet.ch\\\/wp-content\\\/uploads\\\/2026\\\/04\\\/chargecontrol-logo-1024x139.png\"},{\"@type\":\"BreadcrumbList\",\"@id\":\"https:\\\/\\\/telconet.ch\\\/index.php\\\/chargecontrol\\\/#breadcrumb\",\"itemListElement\":[{\"@type\":\"ListItem\",\"position\":1,\"name\":\"Startseite\",\"item\":\"https:\\\/\\\/telconet.ch\\\/\"},{\"@type\":\"ListItem\",\"position\":2,\"name\":\"chargecontrol\"}]},{\"@type\":\"WebSite\",\"@id\":\"https:\\\/\\\/telconet.ch\\\/#website\",\"url\":\"https:\\\/\\\/telconet.ch\\\/\",\"name\":\"Telconet AG\",\"description\":\"\",\"publisher\":{\"@id\":\"https:\\\/\\\/telconet.ch\\\/#organization\"},\"potentialAction\":[{\"@type\":\"SearchAction\",\"target\":{\"@type\":\"EntryPoint\",\"urlTemplate\":\"https:\\\/\\\/telconet.ch\\\/?s={search_term_string}\"},\"query-input\":{\"@type\":\"PropertyValueSpecification\",\"valueRequired\":true,\"valueName\":\"search_term_string\"}}],\"inLanguage\":\"de-CH\"},{\"@type\":\"Organization\",\"@id\":\"https:\\\/\\\/telconet.ch\\\/#organization\",\"name\":\"Telconet AG\",\"url\":\"https:\\\/\\\/telconet.ch\\\/\",\"logo\":{\"@type\":\"ImageObject\",\"inLanguage\":\"de-CH\",\"@id\":\"https:\\\/\\\/telconet.ch\\\/#\\\/schema\\\/logo\\\/image\\\/\",\"url\":\"https:\\\/\\\/telconet.ch\\\/wp-content\\\/uploads\\\/2026\\\/04\\\/telconet_logo_mit-claim-in-rot-gerade-schmal.png\",\"contentUrl\":\"https:\\\/\\\/telconet.ch\\\/wp-content\\\/uploads\\\/2026\\\/04\\\/telconet_logo_mit-claim-in-rot-gerade-schmal.png\",\"width\":1000,\"height\":268,\"caption\":\"Telconet AG\"},\"image\":{\"@id\":\"https:\\\/\\\/telconet.ch\\\/#\\\/schema\\\/logo\\\/image\\\/\"}}]}<\/script>\n<!-- \/ Yoast SEO plugin. -->","yoast_head_json":{"title":"chargecontrol - Telconet","robots":{"index":"index","follow":"follow","max-snippet":"max-snippet:-1","max-image-preview":"max-image-preview:large","max-video-preview":"max-video-preview:-1"},"canonical":"https:\/\/telconet.ch\/index.php\/chargecontrol\/","og_locale":"de_DE","og_type":"article","og_title":"chargecontrol - Telconet","og_description":"\u25cf SPEZIELL F\u00dcR DEN SCHWEIZER MARKT Tiefgaragen mit Ladestationen erschliessen Wir erschliessen Tiefgaragen mit Ladestationen. Auf Wunsch mit Schnell-Ladestationen mit der h\u00f6chstm\u00f6glichen Leistung. Selbstverst\u00e4ndlich mit Last-Management und einfacher, direkter Abrechnung. LEISTUNGEN Alles inklusive. Aus einer Hand. Mit ChargeControl decken Sie alle Bed\u00fcrfnisse rund um Ladeinfrastruktur in Ihrer Tiefgarage ab \u2013 heute und f\u00fcr die Zukunft. [&hellip;]","og_url":"https:\/\/telconet.ch\/index.php\/chargecontrol\/","og_site_name":"Telconet","article_modified_time":"2026-04-29T11:57:15+00:00","og_image":[{"url":"http:\/\/telconet.ch\/wp-content\/uploads\/2026\/04\/chargecontrol-logo-1024x139.png","type":"","width":"","height":""}],"twitter_card":"summary_large_image","twitter_misc":{"Gesch\u00e4tzte Lesezeit":"1\u00a0Minute"},"schema":{"@context":"https:\/\/schema.org","@graph":[{"@type":"WebPage","@id":"https:\/\/telconet.ch\/index.php\/chargecontrol\/","url":"https:\/\/telconet.ch\/index.php\/chargecontrol\/","name":"chargecontrol - Telconet","isPartOf":{"@id":"https:\/\/telconet.ch\/#website"},"primaryImageOfPage":{"@id":"https:\/\/telconet.ch\/index.php\/chargecontrol\/#primaryimage"},"image":{"@id":"https:\/\/telconet.ch\/index.php\/chargecontrol\/#primaryimage"},"thumbnailUrl":"http:\/\/telconet.ch\/wp-content\/uploads\/2026\/04\/chargecontrol-logo-1024x139.png","datePublished":"2026-04-20T14:26:29+00:00","dateModified":"2026-04-29T11:57:15+00:00","breadcrumb":{"@id":"https:\/\/telconet.ch\/index.php\/chargecontrol\/#breadcrumb"},"inLanguage":"de-CH","potentialAction":[{"@type":"ReadAction","target":["https:\/\/telconet.ch\/index.php\/chargecontrol\/"]}]},{"@type":"ImageObject","inLanguage":"de-CH","@id":"https:\/\/telconet.ch\/index.php\/chargecontrol\/#primaryimage","url":"http:\/\/telconet.ch\/wp-content\/uploads\/2026\/04\/chargecontrol-logo-1024x139.png","contentUrl":"http:\/\/telconet.ch\/wp-content\/uploads\/2026\/04\/chargecontrol-logo-1024x139.png"},{"@type":"BreadcrumbList","@id":"https:\/\/telconet.ch\/index.php\/chargecontrol\/#breadcrumb","itemListElement":[{"@type":"ListItem","position":1,"name":"Startseite","item":"https:\/\/telconet.ch\/"},{"@type":"ListItem","position":2,"name":"chargecontrol"}]},{"@type":"WebSite","@id":"https:\/\/telconet.ch\/#website","url":"https:\/\/telconet.ch\/","name":"Telconet AG","description":"","publisher":{"@id":"https:\/\/telconet.ch\/#organization"},"potentialAction":[{"@type":"SearchAction","target":{"@type":"EntryPoint","urlTemplate":"https:\/\/telconet.ch\/?s={search_term_string}"},"query-input":{"@type":"PropertyValueSpecification","valueRequired":true,"valueName":"search_term_string"}}],"inLanguage":"de-CH"},{"@type":"Organization","@id":"https:\/\/telconet.ch\/#organization","name":"Telconet AG","url":"https:\/\/telconet.ch\/","logo":{"@type":"ImageObject","inLanguage":"de-CH","@id":"https:\/\/telconet.ch\/#\/schema\/logo\/image\/","url":"https:\/\/telconet.ch\/wp-content\/uploads\/2026\/04\/telconet_logo_mit-claim-in-rot-gerade-schmal.png","contentUrl":"https:\/\/telconet.ch\/wp-content\/uploads\/2026\/04\/telconet_logo_mit-claim-in-rot-gerade-schmal.png","width":1000,"height":268,"caption":"Telconet AG"},"image":{"@id":"https:\/\/telconet.ch\/#\/schema\/logo\/image\/"}}]}},"jetpack_sharing_enabled":true,"_links":{"self":[{"href":"https:\/\/telconet.ch\/index.php\/wp-json\/wp\/v2\/pages\/116","targetHints":{"allow":["GET"]}}],"collection":[{"href":"https:\/\/telconet.ch\/index.php\/wp-json\/wp\/v2\/pages"}],"about":[{"href":"https:\/\/telconet.ch\/index.php\/wp-json\/wp\/v2\/types\/page"}],"author":[{"embeddable":true,"href":"https:\/\/telconet.ch\/index.php\/wp-json\/wp\/v2\/users\/1"}],"replies":[{"embeddable":true,"href":"https:\/\/telconet.ch\/index.php\/wp-json\/wp\/v2\/comments?post=116"}],"version-history":[{"count":11,"href":"https:\/\/telconet.ch\/index.php\/wp-json\/wp\/v2\/pages\/116\/revisions"}],"predecessor-version":[{"id":351,"href":"https:\/\/telconet.ch\/index.php\/wp-json\/wp\/v2\/pages\/116\/revisions\/351"}],"wp:attachment":[{"href":"https:\/\/telconet.ch\/index.php\/wp-json\/wp\/v2\/media?parent=116"}],"curies":[{"name":"wp","href":"https:\/\/api.w.org\/{rel}","templated":true}]}}