{"id":110,"date":"2026-04-20T13:50:35","date_gmt":"2026-04-20T13:50:35","guid":{"rendered":"http:\/\/neu.telconet.ch\/?page_id=110"},"modified":"2026-04-29T08:44:02","modified_gmt":"2026-04-29T06:44:02","slug":"referenzen","status":"publish","type":"page","link":"https:\/\/telconet.ch\/index.php\/referenzen\/","title":{"rendered":"Referenzen"},"content":{"rendered":"\n<div class=\"wp-block-group alignfull has-background has-global-padding is-layout-constrained wp-container-core-group-is-layout-9752ef40 wp-block-group-is-layout-constrained\" style=\"background-color:#0d2a4e;padding-top:70px;padding-bottom:70px\">\n<p class=\"has-text-align-center has-text-color\" style=\"color:#cc2222;font-size:0.85rem;font-weight:700;letter-spacing:2px\">\u00dcBER UNS<\/p>\n\n\n\n<div style=\"height:12px\" aria-hidden=\"true\" class=\"wp-block-spacer\"><\/div>\n\n\n\n<h1 class=\"wp-block-heading has-text-align-center has-text-color\" style=\"color:#ffffff;font-size:clamp(1.551rem, 1.551rem + ((1vw - 0.2rem) * 1.645), 2.6rem);font-weight:800;line-height:1.3\">Unsere Referenzen<\/h1>\n\n\n\n<div style=\"height:12px\" aria-hidden=\"true\" class=\"wp-block-spacer\"><\/div>\n\n\n\n<p class=\"has-text-align-center has-text-color\" style=\"color:#c8d8e8;font-size:clamp(0.875rem, 0.875rem + ((1vw - 0.2rem) * 0.275), 1.05rem);line-height:1.7\">Vertrauen, das z\u00e4hlt \u2013 von der Industrie bis zum Weltwirtschaftsforum.<\/p>\n<\/div>\n\n\n<p><!-- INTRO --><\/p>\n\n\n<div class=\"wp-block-group alignfull has-background has-global-padding is-layout-constrained wp-container-core-group-is-layout-d6a64be5 wp-block-group-is-layout-constrained\" style=\"background-color:#ffffff;padding-top:60px;padding-bottom:60px\">\n<p class=\"has-text-align-center has-text-color\" style=\"color:#4a6080;font-size:clamp(0.875rem, 0.875rem + ((1vw - 0.2rem) * 0.275), 1.05rem);line-height:1.8\">Seit \u00fcber 20 Jahren vertrauen Unternehmen und Organisationen aus den unterschiedlichsten Branchen auf die ICT-L\u00f6sungen der Telconet AG. Von der lokalen KMU bis zu internationalen Grossveranstaltungen \u2013 wir liefern zuverl\u00e4ssige Infrastruktur, die funktioniert.<\/p>\n<\/div>\n\n\n<p><!-- REFERENZEN KARTEN --><\/p>\n\n\n<div class=\"wp-block-group alignfull has-background has-global-padding is-layout-constrained wp-container-core-group-is-layout-b2e01e78 wp-block-group-is-layout-constrained\" style=\"background-color:#e8f2ff;padding-top:70px;padding-bottom:70px\">\n<p class=\"has-text-align-center has-text-color\" style=\"color:#cc2222;font-size:0.85rem;font-weight:700;letter-spacing:2px\">AUSGEW\u00c4HLTE KUNDEN &amp; PROJEKTE<\/p>\n\n\n\n<h2 class=\"wp-block-heading has-text-align-center has-text-color\" style=\"color:#0d2a4e;font-size:clamp(1.25rem, 1.25rem + ((1vw - 0.2rem) * 1.176), 2rem);font-weight:800\">Wer uns vertraut<\/h2>\n\n\n\n<div style=\"height:40px\" aria-hidden=\"true\" class=\"wp-block-spacer\"><\/div>\n\n\n\n<div class=\"wp-block-columns alignwide is-layout-flex wp-container-core-columns-is-layout-ea2d2580 wp-block-columns-is-layout-flex\">\n<div class=\"wp-block-column is-layout-flow wp-block-column-is-layout-flow\">\n<div class=\"wp-block-group has-background is-layout-flow wp-block-group-is-layout-flow\" style=\"border-radius:8px;border-left-color:#cc2222;border-left-width:4px;background-color:#ffffff;padding-top:32px;padding-right:28px;padding-bottom:32px;padding-left:28px\">\n<svg xmlns=\"http:\/\/www.w3.org\/2000\/svg\" fill=\"none\" viewBox=\"0 0 24 24\" stroke-width=\"1.5\" stroke=\"#0d2a4e\" style=\"width:36px;height:36px;display:block;margin-bottom:14px\">\n  <path stroke-linecap=\"round\" stroke-linejoin=\"round\" d=\"M12 21a9.004 9.004 0 0 0 8.716-6.747M12 21a9.004 9.004 0 0 1-8.716-6.747M12 21c2.485 0 4.5-4.03 4.5-9S14.485 3 12 3m0 18c-2.485 0-4.5-4.03-4.5-9S9.515 3 12 3m0 0a8.997 8.997 0 0 1 7.843 4.582M12 3a8.997 8.997 0 0 0-7.843 4.582m15.686 0A11.953 11.953 0 0 1 12 10.5c-2.998 0-5.74-1.1-7.843-2.918m15.686 0A8.959 8.959 0 0 1 21 12c0 .778-.099 1.533-.284 2.253M3 12a8.959 8.959 0 0 0 .284 2.253\" \/>\n<\/svg>\n\n\n\n<p class=\"has-text-color\" style=\"color:#cc2222;font-size:0.75rem;font-weight:700;letter-spacing:1px\">INTERNATIONALER ANLASS<\/p>\n\n\n\n<h3 class=\"wp-block-heading has-text-color\" style=\"color:#0d2a4e;font-size:clamp(0.875rem, 0.875rem + ((1vw - 0.2rem) * 0.51), 1.2rem);font-weight:700\">World Economic Forum (WEF)<\/h3>\n\n\n\n<p class=\"has-text-color\" style=\"color:#4a6080;font-size:clamp(0.875rem, 0.875rem + ((1vw - 0.2rem) * 0.118), 0.95rem);line-height:1.7\">Professionelle Unterst\u00fctzung beim Auf- und Abbau der IT-Infrastruktur f\u00fcr einen f\u00fchrenden Dienstleister am World Economic Forum in Davos. Pr\u00e4zise Planung, termingerechte Ausf\u00fchrung und h\u00f6chste Zuverl\u00e4ssigkeit unter anspruchsvollen Bedingungen.<br>\u3164<\/p>\n<\/div>\n<\/div>\n\n\n\n<div class=\"wp-block-column is-layout-flow wp-block-column-is-layout-flow\">\n<div class=\"wp-block-group has-background is-layout-flow wp-block-group-is-layout-flow\" style=\"border-radius:8px;border-left-color:#cc2222;border-left-width:4px;background-color:#ffffff;padding-top:32px;padding-right:28px;padding-bottom:32px;padding-left:28px\">\n<svg xmlns=\"http:\/\/www.w3.org\/2000\/svg\" fill=\"none\" viewBox=\"0 0 24 24\" stroke-width=\"1.5\" stroke=\"#0d2a4e\" style=\"width:36px;height:36px;display:block;margin-bottom:14px\">\n  <path stroke-linecap=\"round\" stroke-linejoin=\"round\" d=\"M6 12 3.269 3.125A59.769 59.769 0 0 1 21.485 12 59.768 59.768 0 0 1 3.27 20.875L5.999 12Zm0 0h7.5\" \/>\n<\/svg>\n\n\n\n<p class=\"has-text-color\" style=\"color:#cc2222;font-size:0.75rem;font-weight:700;letter-spacing:1px\">INFRASTRUKTUR<\/p>\n\n\n\n<h3 class=\"wp-block-heading has-text-color\" style=\"color:#0d2a4e;font-size:clamp(0.875rem, 0.875rem + ((1vw - 0.2rem) * 0.51), 1.2rem);font-weight:700\">Transport<\/h3>\n\n\n\n<p class=\"has-text-color\" style=\"color:#4a6080;font-size:clamp(0.875rem, 0.875rem + ((1vw - 0.2rem) * 0.118), 0.95rem);line-height:1.7\">Zuverl\u00e4ssige Netzwerk- und Internet-Infrastruktur f\u00fcr ein Transportunternehmen am Flughafen Z\u00fcrich. Stabile Verbindungen und schnelles Internet sind im Logistik- und Transportbereich keine Option \u2014 sie sind die Grundlage f\u00fcr einen reibungslosen Betrieb.<\/p>\n<\/div>\n<\/div>\n\n\n\n<div class=\"wp-block-column is-layout-flow wp-block-column-is-layout-flow\">\n<div class=\"wp-block-group has-background is-layout-flow wp-block-group-is-layout-flow\" style=\"border-radius:8px;border-left-color:#cc2222;border-left-width:4px;background-color:#ffffff;padding-top:32px;padding-right:28px;padding-bottom:32px;padding-left:28px\">\n<svg xmlns=\"http:\/\/www.w3.org\/2000\/svg\" fill=\"none\" viewBox=\"0 0 24 24\" stroke-width=\"1.5\" stroke=\"#0d2a4e\" style=\"width:36px;height:36px;display:block;margin-bottom:14px\">\n  <path stroke-linecap=\"round\" stroke-linejoin=\"round\" d=\"M2.25 21h19.5m-18-18v18m10.5-18v18m6-13.5V21M6.75 6.75h.75m-.75 3h.75m-.75 3h.75m3-6h.75m-.75 3h.75m-.75 3h.75M6.75 21v-3.375c0-.621.504-1.125 1.125-1.125h2.25c.621 0 1.125.504 1.125 1.125V21M3 3h12m-.75 4.5H21m-3.75 3.75h.008v.008h-.008v-.008Zm0 3h.008v.008h-.008v-.008Zm0 3h.008v.008h-.008v-.008Z\" \/>\n<\/svg>\n\n\n\n<p class=\"has-text-color\" style=\"color:#cc2222;font-size:0.75rem;font-weight:700;letter-spacing:1px\">INDUSTRIE<\/p>\n\n\n\n<h3 class=\"wp-block-heading has-text-color\" style=\"color:#0d2a4e;font-size:clamp(0.875rem, 0.875rem + ((1vw - 0.2rem) * 0.51), 1.2rem);font-weight:700\">Industrieunternehmen<\/h3>\n\n\n\n<p class=\"has-text-color\" style=\"color:#4a6080;font-size:clamp(0.875rem, 0.875rem + ((1vw - 0.2rem) * 0.118), 0.95rem);line-height:1.7\">Massgeschneiderte ICT-L\u00f6sungen f\u00fcr Schweizer Industriebetriebe. Von der Produktionsnetzwerk-Segmentierung bis zur sicheren Cloud-Anbindung \u2013 wir kennen die Anforderungen der Industrie.<br><br><br>\u3164<br><\/p>\n<\/div>\n<\/div>\n<\/div>\n\n\n\n<div style=\"height:24px\" aria-hidden=\"true\" class=\"wp-block-spacer\"><\/div>\n\n\n\n<div class=\"wp-block-columns alignwide is-layout-flex wp-container-core-columns-is-layout-ea2d2580 wp-block-columns-is-layout-flex\">\n<div class=\"wp-block-column is-layout-flow wp-block-column-is-layout-flow\">\n<div class=\"wp-block-group has-background is-layout-flow wp-block-group-is-layout-flow\" style=\"border-radius:8px;border-left-color:#cc2222;border-left-width:4px;background-color:#ffffff;padding-top:32px;padding-right:28px;padding-bottom:32px;padding-left:28px\">\n<svg xmlns=\"http:\/\/www.w3.org\/2000\/svg\" fill=\"none\" viewBox=\"0 0 24 24\" stroke-width=\"1.5\" stroke=\"#0d2a4e\" style=\"width:36px;height:36px;display:block;margin-bottom:14px\">\n  <path stroke-linecap=\"round\" stroke-linejoin=\"round\" d=\"M3.75 21h16.5M4.5 3h15M5.25 3v18m13.5-18v18M9 6.75h1.5m-1.5 3h1.5m-1.5 3h1.5m3-6H15m-1.5 3H15m-1.5 3H15M9 21v-3.375c0-.621.504-1.125 1.125-1.125h3.75c.621 0 1.125.504 1.125 1.125V21\" \/>\n<\/svg>\n\n\n\n<p class=\"has-text-color\" style=\"color:#cc2222;font-size:0.75rem;font-weight:700;letter-spacing:1px\">KMU<\/p>\n\n\n\n<h3 class=\"wp-block-heading has-text-color\" style=\"color:#0d2a4e;font-size:clamp(0.875rem, 0.875rem + ((1vw - 0.2rem) * 0.51), 1.2rem);font-weight:700\">Kleine &amp; Mittlere Unternehmen<\/h3>\n\n\n\n<p class=\"has-text-color\" style=\"color:#4a6080;font-size:clamp(0.875rem, 0.875rem + ((1vw - 0.2rem) * 0.118), 0.95rem);line-height:1.7\">Hunderte von KMU in der Schweiz vertrauen auf unsere Cloud-, Netzwerk- und Telefoniel\u00f6sungen. Pers\u00f6nliche Betreuung, faire Preise und Schweizer Qualit\u00e4t.<br>\u3164<\/p>\n<\/div>\n<\/div>\n\n\n\n<div class=\"wp-block-column is-layout-flow wp-block-column-is-layout-flow\">\n<div class=\"wp-block-group has-background is-layout-flow wp-block-group-is-layout-flow\" style=\"border-radius:8px;border-left-color:#cc2222;border-left-width:4px;background-color:#ffffff;padding-top:32px;padding-right:28px;padding-bottom:32px;padding-left:28px\">\n<svg xmlns=\"http:\/\/www.w3.org\/2000\/svg\" fill=\"none\" viewBox=\"0 0 24 24\" stroke-width=\"1.5\" stroke=\"#0d2a4e\" style=\"width:36px;height:36px;display:block;margin-bottom:14px\">\n  <path stroke-linecap=\"round\" stroke-linejoin=\"round\" d=\"M12 21v-8.25M15.75 21v-8.25M8.25 21v-8.25M3 9l9-6 9 6m-1.5 12V10.332A48.36 48.36 0 0 0 12 9.75c-2.551 0-5.056.2-7.5.582V21M3 21h18M12 6.75h.008v.008H12V6.75Z\" \/>\n<\/svg>\n\n\n\n<p class=\"has-text-color\" style=\"color:#cc2222;font-size:0.75rem;font-weight:700;letter-spacing:1px\">\u00d6FFENTLICHE HAND<\/p>\n\n\n\n<h3 class=\"wp-block-heading has-text-color\" style=\"color:#0d2a4e;font-size:clamp(0.875rem, 0.875rem + ((1vw - 0.2rem) * 0.51), 1.2rem);font-weight:700\">Gemeinden &amp; Institutionen<\/h3>\n\n\n\n<p class=\"has-text-color\" style=\"color:#4a6080;font-size:clamp(0.875rem, 0.875rem + ((1vw - 0.2rem) * 0.118), 0.95rem);line-height:1.7\">Schweizer Gemeinden und \u00f6ffentliche Institutionen setzen auf unsere sicheren und datenschutzkonformen IT-L\u00f6sungen \u2013 gehostet ausschliesslich in Schweizer Rechenzentren.<br>\u3164<\/p>\n<\/div>\n<\/div>\n\n\n\n<div class=\"wp-block-column is-layout-flow wp-block-column-is-layout-flow\">\n<div class=\"wp-block-group has-background is-layout-flow wp-block-group-is-layout-flow\" style=\"border-radius:8px;border-left-color:#cc2222;border-left-width:4px;background-color:#ffffff;padding-top:32px;padding-right:28px;padding-bottom:32px;padding-left:28px\">\n<svg xmlns=\"http:\/\/www.w3.org\/2000\/svg\" fill=\"none\" viewBox=\"0 0 24 24\" stroke-width=\"1.5\" stroke=\"#0d2a4e\" style=\"width:36px;height:36px;display:block;margin-bottom:14px\">\n  <path stroke-linecap=\"round\" stroke-linejoin=\"round\" d=\"M2.25 12l8.954-8.955c.44-.439 1.152-.439 1.591 0L21.75 12M4.5 9.75v10.125c0 .621.504 1.125 1.125 1.125H9.75v-4.875c0-.621.504-1.125 1.125-1.125h2.25c.621 0 1.125.504 1.125 1.125V21h4.125c.621 0 1.125-.504 1.125-1.125V9.75M8.25 21h8.25\" \/>\n<\/svg>\n\n\n\n<p class=\"has-text-color\" style=\"color:#cc2222;font-size:0.75rem;font-weight:700;letter-spacing:1px\">HOTELLERIE &amp; GASTRONOMIE<\/p>\n\n\n\n<h3 class=\"wp-block-heading has-text-color\" style=\"color:#0d2a4e;font-size:clamp(0.875rem, 0.875rem + ((1vw - 0.2rem) * 0.51), 1.2rem);font-weight:700\">Hotels &amp; Gastrobetriebe<\/h3>\n\n\n\n<p class=\"has-text-color\" style=\"color:#4a6080;font-size:clamp(0.875rem, 0.875rem + ((1vw - 0.2rem) * 0.118), 0.95rem);line-height:1.7\">Zuverl\u00e4ssiges WLAN, Telefonie und Netzwerkl\u00f6sungen f\u00fcr Hotels und Gastrobetriebe. Vom Empfang bis zum letzten Zimmer \u2013 wir sorgen f\u00fcr eine stabile und sichere Verbindung f\u00fcr G\u00e4ste und Betrieb.<\/p>\n<\/div>\n<\/div>\n<\/div>\n<\/div>\n\n\n<p><!-- ZAHLEN --><\/p>\n\n\n<div class=\"wp-block-group alignfull has-background has-global-padding is-layout-constrained wp-container-core-group-is-layout-94ff31dc wp-block-group-is-layout-constrained\" style=\"background-color:#0d2a4e;padding-top:60px;padding-bottom:60px\">\n<p class=\"has-text-align-center has-text-color\" style=\"color:#cc2222;font-size:0.85rem;font-weight:700;letter-spacing:2px\">TELCONET IN ZAHLEN<\/p>\n\n\n\n<div style=\"height:30px\" aria-hidden=\"true\" class=\"wp-block-spacer\"><\/div>\n\n\n\n<div class=\"wp-block-columns alignwide is-layout-flex wp-container-core-columns-is-layout-6885ed49 wp-block-columns-is-layout-flex\">\n<div class=\"wp-block-column is-layout-flow wp-block-column-is-layout-flow\">\n<div class=\"wp-block-group has-background is-layout-flow wp-block-group-is-layout-flow\" style=\"background-color:rgba(255,255,255,0.06);border-radius:8px;border-top:3px solid #cc2222;padding:32px 24px\">\n\n<h3 class=\"wp-block-heading has-text-align-center has-text-color\" style=\"color:#cc2222;font-weight:800;font-size:clamp(1.743rem, 1.743rem + ((1vw - 0.2rem) * 1.972), 3rem);\">20+<\/h3>\n\n\n<p class=\"has-text-align-center has-text-color\" style=\"color:#ffffff;font-weight:600;font-size:clamp(0.875rem, 0.875rem + ((1vw - 0.2rem) * 0.196), 1rem);\">Jahre Erfahrung<\/p>\n\n<\/div>\n<\/div>\n\n\n\n<div class=\"wp-block-column is-layout-flow wp-block-column-is-layout-flow\">\n<div class=\"wp-block-group has-background is-layout-flow wp-block-group-is-layout-flow\" style=\"background-color:rgba(255,255,255,0.06);border-radius:8px;border-top:3px solid #cc2222;padding:32px 24px\">\n\n<h3 class=\"wp-block-heading has-text-align-center has-text-color\" style=\"color:#cc2222;font-weight:800;font-size:clamp(1.743rem, 1.743rem + ((1vw - 0.2rem) * 1.972), 3rem);\">100+<\/h3>\n\n\n<p class=\"has-text-align-center has-text-color\" style=\"color:#ffffff;font-weight:600;font-size:clamp(0.875rem, 0.875rem + ((1vw - 0.2rem) * 0.196), 1rem);\">Zufriedene Kunden<\/p>\n\n<\/div>\n<\/div>\n\n\n\n<div class=\"wp-block-column is-layout-flow wp-block-column-is-layout-flow\">\n<div class=\"wp-block-group has-background is-layout-flow wp-block-group-is-layout-flow\" style=\"background-color:rgba(255,255,255,0.06);border-radius:8px;border-top:3px solid #cc2222;padding:32px 24px\">\n\n<h3 class=\"wp-block-heading has-text-align-center has-text-color\" style=\"color:#cc2222;font-weight:800;font-size:clamp(1.743rem, 1.743rem + ((1vw - 0.2rem) * 1.972), 3rem);\">99.9%<\/h3>\n\n\n<p class=\"has-text-align-center has-text-color\" style=\"color:#ffffff;font-weight:600;font-size:clamp(0.875rem, 0.875rem + ((1vw - 0.2rem) * 0.196), 1rem);\">Uptime Garantie<\/p>\n\n<\/div>\n<\/div>\n\n\n\n<div class=\"wp-block-column is-layout-flow wp-block-column-is-layout-flow\">\n<div class=\"wp-block-group has-background is-layout-flow wp-block-group-is-layout-flow\" style=\"background-color:rgba(255,255,255,0.06);border-radius:8px;border-top:3px solid #cc2222;padding:32px 24px\">\n\n<h3 class=\"wp-block-heading has-text-align-center has-text-color\" style=\"color:#cc2222;font-weight:800;font-size:clamp(1.743rem, 1.743rem + ((1vw - 0.2rem) * 1.972), 3rem);\">24\/7<\/h3>\n\n\n<p class=\"has-text-align-center has-text-color\" style=\"color:#ffffff;font-weight:600;font-size:clamp(0.875rem, 0.875rem + ((1vw - 0.2rem) * 0.196), 1rem);\">Monitoring &amp; Support<\/p>\n\n<\/div>\n<\/div>\n<\/div>\n<\/div>\n\n\n<p><!-- CTA --><\/p>\n\n\n<div class=\"wp-block-group alignfull has-background has-global-padding is-layout-constrained wp-container-core-group-is-layout-d8b10bcb wp-block-group-is-layout-constrained\" style=\"background-color:#e8f2ff;padding-top:60px;padding-bottom:60px\">\n<h2 class=\"wp-block-heading has-text-align-center has-text-color\" style=\"color:#0d2a4e;font-size:clamp(1.146rem, 1.146rem + ((1vw - 0.2rem) * 1.026), 1.8rem);font-weight:800;line-height:1.3\">Werden Sie unser n\u00e4chster<br>Erfolgspartner<\/h2>\n\n\n\n<div style=\"height:20px\" aria-hidden=\"true\" class=\"wp-block-spacer\"><\/div>\n\n\n\n<div class=\"wp-block-buttons is-content-justification-center is-layout-flex wp-container-core-buttons-is-layout-a89b3969 wp-block-buttons-is-layout-flex\">\n<div class=\"wp-block-button\"><a class=\"wp-block-button__link has-text-color has-background wp-element-button\" href=\"\/index.php\/kontakt\" style=\"border-radius:6px;color:#ffffff;background-color:#cc2222;padding:14px 36px\">Kontaktieren Sie uns<\/a><\/div>\n<\/div>\n<\/div>\n","protected":false},"excerpt":{"rendered":"<p>\u00dcBER UNS Unsere Referenzen Vertrauen, das z\u00e4hlt \u2013 von der Industrie bis zum Weltwirtschaftsforum. Seit \u00fcber 20 Jahren vertrauen Unternehmen und Organisationen aus den unterschiedlichsten Branchen auf die ICT-L\u00f6sungen der Telconet AG. Von der lokalen KMU bis zu internationalen Grossveranstaltungen \u2013 wir liefern zuverl\u00e4ssige Infrastruktur, die funktioniert. AUSGEW\u00c4HLTE KUNDEN &amp; PROJEKTE Wer uns vertraut INTERNATIONALER [&hellip;]<\/p>\n","protected":false},"author":1,"featured_media":0,"parent":0,"menu_order":0,"comment_status":"closed","ping_status":"closed","template":"","meta":{"footnotes":""},"class_list":["post-110","page","type-page","status-publish","hentry"],"yoast_head":"<!-- This site is optimized with the Yoast SEO plugin v27.5 - https:\/\/yoast.com\/product\/yoast-seo-wordpress\/ -->\n<title>Referenzen - Telconet<\/title>\n<meta name=\"robots\" content=\"index, follow, max-snippet:-1, max-image-preview:large, max-video-preview:-1\" \/>\n<link rel=\"canonical\" href=\"https:\/\/telconet.ch\/index.php\/referenzen\/\" \/>\n<meta property=\"og:locale\" content=\"de_DE\" \/>\n<meta property=\"og:type\" content=\"article\" \/>\n<meta property=\"og:title\" content=\"Referenzen - Telconet\" \/>\n<meta property=\"og:description\" content=\"\u00dcBER UNS Unsere Referenzen Vertrauen, das z\u00e4hlt \u2013 von der Industrie bis zum Weltwirtschaftsforum. Seit \u00fcber 20 Jahren vertrauen Unternehmen und Organisationen aus den unterschiedlichsten Branchen auf die ICT-L\u00f6sungen der Telconet AG. Von der lokalen KMU bis zu internationalen Grossveranstaltungen \u2013 wir liefern zuverl\u00e4ssige Infrastruktur, die funktioniert. AUSGEW\u00c4HLTE KUNDEN &amp; PROJEKTE Wer uns vertraut INTERNATIONALER [&hellip;]\" \/>\n<meta property=\"og:url\" content=\"https:\/\/telconet.ch\/index.php\/referenzen\/\" \/>\n<meta property=\"og:site_name\" content=\"Telconet\" \/>\n<meta property=\"article:modified_time\" content=\"2026-04-29T06:44:02+00:00\" \/>\n<meta name=\"twitter:card\" content=\"summary_large_image\" \/>\n<meta name=\"twitter:label1\" content=\"Gesch\u00e4tzte Lesezeit\" \/>\n\t<meta name=\"twitter:data1\" content=\"1\u00a0Minute\" \/>\n<script type=\"application\/ld+json\" class=\"yoast-schema-graph\">{\"@context\":\"https:\\\/\\\/schema.org\",\"@graph\":[{\"@type\":\"WebPage\",\"@id\":\"https:\\\/\\\/telconet.ch\\\/index.php\\\/referenzen\\\/\",\"url\":\"https:\\\/\\\/telconet.ch\\\/index.php\\\/referenzen\\\/\",\"name\":\"Referenzen - Telconet\",\"isPartOf\":{\"@id\":\"https:\\\/\\\/telconet.ch\\\/#website\"},\"datePublished\":\"2026-04-20T13:50:35+00:00\",\"dateModified\":\"2026-04-29T06:44:02+00:00\",\"breadcrumb\":{\"@id\":\"https:\\\/\\\/telconet.ch\\\/index.php\\\/referenzen\\\/#breadcrumb\"},\"inLanguage\":\"de-CH\",\"potentialAction\":[{\"@type\":\"ReadAction\",\"target\":[\"https:\\\/\\\/telconet.ch\\\/index.php\\\/referenzen\\\/\"]}]},{\"@type\":\"BreadcrumbList\",\"@id\":\"https:\\\/\\\/telconet.ch\\\/index.php\\\/referenzen\\\/#breadcrumb\",\"itemListElement\":[{\"@type\":\"ListItem\",\"position\":1,\"name\":\"Startseite\",\"item\":\"https:\\\/\\\/telconet.ch\\\/\"},{\"@type\":\"ListItem\",\"position\":2,\"name\":\"Referenzen\"}]},{\"@type\":\"WebSite\",\"@id\":\"https:\\\/\\\/telconet.ch\\\/#website\",\"url\":\"https:\\\/\\\/telconet.ch\\\/\",\"name\":\"Telconet AG\",\"description\":\"\",\"publisher\":{\"@id\":\"https:\\\/\\\/telconet.ch\\\/#organization\"},\"potentialAction\":[{\"@type\":\"SearchAction\",\"target\":{\"@type\":\"EntryPoint\",\"urlTemplate\":\"https:\\\/\\\/telconet.ch\\\/?s={search_term_string}\"},\"query-input\":{\"@type\":\"PropertyValueSpecification\",\"valueRequired\":true,\"valueName\":\"search_term_string\"}}],\"inLanguage\":\"de-CH\"},{\"@type\":\"Organization\",\"@id\":\"https:\\\/\\\/telconet.ch\\\/#organization\",\"name\":\"Telconet AG\",\"url\":\"https:\\\/\\\/telconet.ch\\\/\",\"logo\":{\"@type\":\"ImageObject\",\"inLanguage\":\"de-CH\",\"@id\":\"https:\\\/\\\/telconet.ch\\\/#\\\/schema\\\/logo\\\/image\\\/\",\"url\":\"https:\\\/\\\/telconet.ch\\\/wp-content\\\/uploads\\\/2026\\\/04\\\/telconet_logo_mit-claim-in-rot-gerade-schmal.png\",\"contentUrl\":\"https:\\\/\\\/telconet.ch\\\/wp-content\\\/uploads\\\/2026\\\/04\\\/telconet_logo_mit-claim-in-rot-gerade-schmal.png\",\"width\":1000,\"height\":268,\"caption\":\"Telconet AG\"},\"image\":{\"@id\":\"https:\\\/\\\/telconet.ch\\\/#\\\/schema\\\/logo\\\/image\\\/\"}}]}<\/script>\n<!-- \/ Yoast SEO plugin. -->","yoast_head_json":{"title":"Referenzen - Telconet","robots":{"index":"index","follow":"follow","max-snippet":"max-snippet:-1","max-image-preview":"max-image-preview:large","max-video-preview":"max-video-preview:-1"},"canonical":"https:\/\/telconet.ch\/index.php\/referenzen\/","og_locale":"de_DE","og_type":"article","og_title":"Referenzen - Telconet","og_description":"\u00dcBER UNS Unsere Referenzen Vertrauen, das z\u00e4hlt \u2013 von der Industrie bis zum Weltwirtschaftsforum. Seit \u00fcber 20 Jahren vertrauen Unternehmen und Organisationen aus den unterschiedlichsten Branchen auf die ICT-L\u00f6sungen der Telconet AG. Von der lokalen KMU bis zu internationalen Grossveranstaltungen \u2013 wir liefern zuverl\u00e4ssige Infrastruktur, die funktioniert. AUSGEW\u00c4HLTE KUNDEN &amp; PROJEKTE Wer uns vertraut INTERNATIONALER [&hellip;]","og_url":"https:\/\/telconet.ch\/index.php\/referenzen\/","og_site_name":"Telconet","article_modified_time":"2026-04-29T06:44:02+00:00","twitter_card":"summary_large_image","twitter_misc":{"Gesch\u00e4tzte Lesezeit":"1\u00a0Minute"},"schema":{"@context":"https:\/\/schema.org","@graph":[{"@type":"WebPage","@id":"https:\/\/telconet.ch\/index.php\/referenzen\/","url":"https:\/\/telconet.ch\/index.php\/referenzen\/","name":"Referenzen - Telconet","isPartOf":{"@id":"https:\/\/telconet.ch\/#website"},"datePublished":"2026-04-20T13:50:35+00:00","dateModified":"2026-04-29T06:44:02+00:00","breadcrumb":{"@id":"https:\/\/telconet.ch\/index.php\/referenzen\/#breadcrumb"},"inLanguage":"de-CH","potentialAction":[{"@type":"ReadAction","target":["https:\/\/telconet.ch\/index.php\/referenzen\/"]}]},{"@type":"BreadcrumbList","@id":"https:\/\/telconet.ch\/index.php\/referenzen\/#breadcrumb","itemListElement":[{"@type":"ListItem","position":1,"name":"Startseite","item":"https:\/\/telconet.ch\/"},{"@type":"ListItem","position":2,"name":"Referenzen"}]},{"@type":"WebSite","@id":"https:\/\/telconet.ch\/#website","url":"https:\/\/telconet.ch\/","name":"Telconet AG","description":"","publisher":{"@id":"https:\/\/telconet.ch\/#organization"},"potentialAction":[{"@type":"SearchAction","target":{"@type":"EntryPoint","urlTemplate":"https:\/\/telconet.ch\/?s={search_term_string}"},"query-input":{"@type":"PropertyValueSpecification","valueRequired":true,"valueName":"search_term_string"}}],"inLanguage":"de-CH"},{"@type":"Organization","@id":"https:\/\/telconet.ch\/#organization","name":"Telconet AG","url":"https:\/\/telconet.ch\/","logo":{"@type":"ImageObject","inLanguage":"de-CH","@id":"https:\/\/telconet.ch\/#\/schema\/logo\/image\/","url":"https:\/\/telconet.ch\/wp-content\/uploads\/2026\/04\/telconet_logo_mit-claim-in-rot-gerade-schmal.png","contentUrl":"https:\/\/telconet.ch\/wp-content\/uploads\/2026\/04\/telconet_logo_mit-claim-in-rot-gerade-schmal.png","width":1000,"height":268,"caption":"Telconet AG"},"image":{"@id":"https:\/\/telconet.ch\/#\/schema\/logo\/image\/"}}]}},"jetpack_sharing_enabled":true,"_links":{"self":[{"href":"https:\/\/telconet.ch\/index.php\/wp-json\/wp\/v2\/pages\/110","targetHints":{"allow":["GET"]}}],"collection":[{"href":"https:\/\/telconet.ch\/index.php\/wp-json\/wp\/v2\/pages"}],"about":[{"href":"https:\/\/telconet.ch\/index.php\/wp-json\/wp\/v2\/types\/page"}],"author":[{"embeddable":true,"href":"https:\/\/telconet.ch\/index.php\/wp-json\/wp\/v2\/users\/1"}],"replies":[{"embeddable":true,"href":"https:\/\/telconet.ch\/index.php\/wp-json\/wp\/v2\/comments?post=110"}],"version-history":[{"count":10,"href":"https:\/\/telconet.ch\/index.php\/wp-json\/wp\/v2\/pages\/110\/revisions"}],"predecessor-version":[{"id":350,"href":"https:\/\/telconet.ch\/index.php\/wp-json\/wp\/v2\/pages\/110\/revisions\/350"}],"wp:attachment":[{"href":"https:\/\/telconet.ch\/index.php\/wp-json\/wp\/v2\/media?parent=110"}],"curies":[{"name":"wp","href":"https:\/\/api.w.org\/{rel}","templated":true}]}}